{"id":1372,"date":"2024-08-15T21:40:31","date_gmt":"2024-08-15T21:40:31","guid":{"rendered":"https:\/\/secteur-public-sector.ca\/?post_type=video&#038;p=1372"},"modified":"2024-09-23T15:43:08","modified_gmt":"2024-09-23T15:43:08","slug":"le-canada-est-resilient-et-non-brise","status":"publish","type":"video","link":"https:\/\/secteur-public-sector.ca\/fr\/video\/le-canada-est-resilient-et-non-brise\/","title":{"rendered":"Canada : r\u00e9silient, mais pas bris\u00e9"},"content":{"rendered":"<figure class=\"wp-block-embed is-type-video is-provider-youtube wp-block-embed-youtube wp-embed-aspect-16-9 wp-has-aspect-ratio\"><div class=\"wp-block-embed__wrapper\">\n<iframe loading=\"lazy\" title=\"Canada : R\u00e9silients, mais pas bris\u00e9s \u2013 un plaidoyer pour l\u2019optimisme | Michael Wernick | TEDxCalgary\" width=\"500\" height=\"281\" src=\"https:\/\/www.youtube.com\/embed\/59rQ-h_Jdrs?feature=oembed\" frameborder=\"0\" allow=\"accelerometer; autoplay; clipboard-write; encrypted-media; gyroscope; picture-in-picture; web-share\" referrerpolicy=\"strict-origin-when-cross-origin\" allowfullscreen><\/iframe>\n<\/div><\/figure>\n\n\n\n<h3 class=\"wp-block-heading\">Transcription<\/h3>\n\n\n\n<p class=\"wp-block-paragraph\">Je veux raconter une histoire, et certaines parties vous sembleront famili\u00e8res parce que c&#039;est une vieille histoire, mais je suis s\u00fbr que certaines parties vous surprendront. <\/p>\n\n\n\n<p class=\"wp-block-paragraph\"><strong>C\u2019est l\u2019histoire du Canada. <\/strong><\/p>\n\n\n\n<p class=\"wp-block-paragraph\">Je veux parler de ce que nous avons fait et construit ici ensemble, et ce qui m&#039;importe le plus, c&#039;est la mani\u00e8re dont nous l&#039;avons fait, car le \u00ab comment \u00bb est la cl\u00e9 de l&#039;avenir. C&#039;est la cl\u00e9 de l&#039;histoire que nos enfants raconteront \u00e0 leurs enfants, et je vais plaider en faveur d&#039;une forme d&#039;optimisme obstin\u00e9, persistant et pragmatique.<\/p>\n\n\n\n<p class=\"wp-block-paragraph\">Je vais vous dire que le cynisme et la n\u00e9gativit\u00e9 \u00e0 l&#039;\u00e9gard du Canada ne sont pas seulement faux dans les faits et ne sont pas seulement une indulgence. Si nous laissons ces comportements devenir toxiques, ils constituent une menace pour notre avenir, c&#039;est pourquoi je veux commencer \u00e0 me faire vacciner contre eux d\u00e8s maintenant.<\/p>\n\n\n\n<p class=\"wp-block-paragraph\">Raconter une histoire sous cette forme n\u2019est pas une chose facile pour moi. J\u2019ai pass\u00e9 quatre d\u00e9cennies dans une profession \u2013 la fonction publique \u2013 o\u00f9 l\u2019on est form\u00e9 \u00e0 s\u2019\u00e9loigner imm\u00e9diatement des cam\u00e9ras et \u00e0 laisser les politiciens parler. On gagne la confiance en \u00e9tant franc et direct derri\u00e8re des portes closes et tr\u00e8s discret en public. Je me souviens d\u2019avoir march\u00e9 sur la colline du Parlement, comme je l\u2019ai fait des dizaines de fois au fil des ans, ou d\u2019avoir assist\u00e9 \u00e0 un \u00e9v\u00e9nement, et d\u2019avoir attir\u00e9 le regard d\u2019un photographe de presse qui, en quelques microsecondes, m\u2019a \u00e9cart\u00e9 comme si je n\u2019en valais pas la peine. J\u2019ai \u00e9t\u00e9 recadr\u00e9 sur les bords de nombreuses photos, alors je me bats contre des d\u00e9cennies d\u2019habitudes et de formation pour m\u2019avancer dans ce cercle. Mais je pense que c\u2019est une histoire qui vaut la peine d\u2019\u00eatre racont\u00e9e.<\/p>\n\n\n\n<p class=\"wp-block-paragraph\">Alors pourquoi maintenant ? Eh bien, les Canadiens semblent \u00eatre d&#039;humeur maussade et grincheuse ces jours-ci, et les sondages montrent que nous ne sommes pas seulement pessimistes, mais que nous avons perdu beaucoup de confiance dans notre capacit\u00e9 \u00e0 r\u00e9soudre les probl\u00e8mes et dans notre d\u00e9mocratie. Il est compr\u00e9hensible que la plupart du temps, nous soyons plong\u00e9s dans les d\u00e9fis du moment, les probl\u00e8mes \u00e0 r\u00e9soudre et les lacunes que nous rencontrons. Et ce n&#039;est pas une mauvaise chose ; il vaut mieux \u00eatre agit\u00e9 et s&#039;efforcer de faire mieux. Nous, Canadiens, ne devrions pas \u00eatre complaisants ou auto-congratulateurs, nous reposer sur des l\u00e9gendes et des mythes, ou appeler \u00e0 un retour \u00e0 un pass\u00e9 imaginaire. Je pourrais remplir une demi-douzaine de ces conf\u00e9rences avec les d\u00e9fis auxquels nous sommes confront\u00e9s et les grands d\u00e9fis \u00e0 venir. La liste peut \u00eatre d\u00e9courageante, et il y a beaucoup \u00e0 dire, et nous avons de grandes d\u00e9cisions et de grands choix \u00e0 prendre. Mais je suis arriv\u00e9e \u00e0 la conclusion il y a longtemps que ce qui compte, c&#039;est la fa\u00e7on dont nous relevons ces d\u00e9fis, dont nous parlons, dont nous apprenons, dont nous d\u00e9cidons et dont nous faisons en sorte que nos d\u00e9cisions tiennent. Et je suis fermement convaincue que nos succ\u00e8s pass\u00e9s, notre fa\u00e7on de r\u00e9soudre les probl\u00e8mes ensemble, devraient nous donner confiance, r\u00e9silience et \u00e9nergie pour affronter l&#039;avenir, quelle que soit la voie que nous choisissons de prendre.<\/p>\n\n\n\n<p class=\"wp-block-paragraph\">Alors, que veut dire la n\u00e9gativit\u00e9 toxique? La r\u00e9troaction est une bonne chose, et une grande partie de ce que vous entendez et lisez chaque jour provient de boucles de r\u00e9troaction intentionnelles. Ici, au Canada, nous disposons d&#039;une infrastructure vaste et approfondie qui nous informe des erreurs, des lacunes, des fa\u00e7ons dont nous n&#039;avons pas atteint nos aspirations et notre rh\u00e9torique, des fa\u00e7ons dont les choses auraient pu et auraient d\u00fb \u00eatre faites diff\u00e9remment. De nouvelles r\u00e9troactions nous parviennent en permanence, issues d&#039;audits, d&#039;\u00e9valuations, d&#039;\u00e9tudes universitaires, de rapports, de proc\u00e8s, de commissions d&#039;enqu\u00eate et de dizaines d&#039;organismes de surveillance institutionnels. Elles assurent la libert\u00e9 de la presse et la d\u00e9mocratie politique gr\u00e2ce \u00e0 la cha\u00eene d&#039;approvisionnement. Je ne veux donc pas \u00eatre mal compris ici. Cette r\u00e9troaction intentionnelle est une chose positive pour notre d\u00e9mocratie. D\u00e9tecter les erreurs est la premi\u00e8re \u00e9tape pour les corriger. Les analyses apr\u00e8s action sont la premi\u00e8re \u00e9tape pour apprendre et \u00e9viter qu&#039;elles ne se reproduisent. Il vaut mieux savoir que quelque chose m\u00e9rite d&#039;\u00eatre examin\u00e9 que non, et il vaut mieux que le Canada aspire \u00e0 un apprentissage et une am\u00e9lioration continus. Il vaut mieux pour nous \u00eatre agit\u00e9s que complaisants. Mais mon exp\u00e9rience montre que, pour un certain nombre de raisons, ce flux de r\u00e9troaction peut \u00eatre un miroir d\u00e9form\u00e9.<\/p>\n\n\n\n<p class=\"wp-block-paragraph\">La mani\u00e8re dont nous recueillons ces informations filtre de plus en plus les \u00e9l\u00e9ments qui fonctionnent. Les histoires que nous entendons ignorent souvent les bases, elles font para\u00eetre les choses plus grandes et plus dramatiques qu\u2019elles ne le sont et se concentrent sur les cas aberrants. La mani\u00e8re dont nous parlons de ces commentaires alimente souvent de fausses g\u00e9n\u00e9ralisations et peut alimenter le biais de confirmation, o\u00f9 l\u2019on entend ce que l\u2019on veut entendre et o\u00f9 l\u2019on voit ce que l\u2019on veut voir. La mani\u00e8re dont nous les utilisons peut alimenter les accusations et les jeux de reproches et fournir des munitions \u00e0 ceux qui voudraient diviser au lieu de rechercher une compr\u00e9hension commune et un terrain d\u2019entente.<\/p>\n\n\n\n<p class=\"wp-block-paragraph\">Si nous ne faisons que transformer tous ces commentaires intentionnels en un tweet intelligent, une vid\u00e9o de collecte de fonds, une citation, un m\u00e8me ou une mani\u00e8re de critiquer, de bl\u00e2mer et de nuire \u00e0 l&#039;autre camp d&#039;un d\u00e9bat, alors avec le temps, nous allons tous perdre la perspective de la situation r\u00e9elle. Et pire encore, nous pourrions perdre une partie de notre capacit\u00e9 \u00e0 avancer.<\/p>\n\n\n\n<p class=\"wp-block-paragraph\">Pourquoi?<\/p>\n\n\n\n<p class=\"wp-block-paragraph\">Eh bien, mon plus gros probl\u00e8me avec ce flot incessant de n\u00e9gativit\u00e9, c&#039;est qu&#039;il sape la confiance et la confiance sous-jacente que nous pouvons r\u00e9soudre les probl\u00e8mes, faire avancer les choses et fa\u00e7onner notre avenir. Il peut nous rendre passifs, blas\u00e9s et d\u00e9faitistes. Nous pouvons nous sentir d\u00e9pass\u00e9s, et il est d\u00e9j\u00e0 assez difficile de maintenir l&#039;engagement, l&#039;\u00e9nergie et l&#039;espoir in\u00e9branlable quant \u00e0 l&#039;avenir qui rendent possible un changement positif.<\/p>\n\n\n\n<p class=\"wp-block-paragraph\">Cette capacit\u00e9, comme l&#039;a dit Nelson Mandela, de se relever quand nous tombons, je maintiens que ce sont des forces corrosives qui, si nous les laissons prendre le dessus, condamnent les g\u00e9n\u00e9rations futures de Canadiens \u00e0 la stagnation. Aujourd&#039;hui, lorsque nous vivons uniquement dans le pr\u00e9sent, il est si facile d&#039;oublier les chapitres pass\u00e9s de courage, de leadership et de travail acharn\u00e9 qui nous ont amen\u00e9s ici et qui ont fa\u00e7onn\u00e9 ce que nous sommes. Si nous ne prenons pas de recul, si nous ne regardons pas autour de nous et si nous ne voyons pas comment les autres pays et soci\u00e9t\u00e9s se sont comport\u00e9s, nous pouvons \u00eatre trop durs envers nous-m\u00eames et beaucoup trop durs les uns envers les autres.<\/p>\n\n\n\n<p class=\"wp-block-paragraph\">J\u2019ai pass\u00e9 quatre d\u00e9cennies dans une profession ax\u00e9e sur les politiques publiques et la politique, et beaucoup de choses ont chang\u00e9, mais une chose est rest\u00e9e constante : un arri\u00e8re-plan de dystopie et de fin du monde. Les historiens qui \u00e9pluchent les archives laiss\u00e9es par les experts, les tribunes libres, les publications de livres et les titres de conf\u00e9rences penseraient que le Canada a pass\u00e9 les 40 derni\u00e8res ann\u00e9es au bord de l\u2019\u00e9clatement, rong\u00e9 par la division et le s\u00e9paratisme.<\/p>\n\n\n\n<p class=\"wp-block-paragraph\">On pourrait croire que nous sommes en train de sombrer dans un ab\u00eeme : stagnation, dette \u00e9crasante, inflation galopante, fuite des cerveaux, productivit\u00e9 en baisse, crise ici, crise l\u00e0. Et c&#039;est encore le cas aujourd&#039;hui.<\/p>\n\n\n\n<p class=\"wp-block-paragraph\">Regardez-nous vraiment et \u00e9coutez l\u2019histoire du Canada.<\/p>\n\n\n\n<p class=\"wp-block-paragraph\">Malgr\u00e9 toutes les turbulences et les vents contraires de 2024 \u2013 et ils sont r\u00e9els \u2013, nous sommes toujours pr\u00e8s du sommet du classement mondial pour la plupart des indicateurs \u00e9conomiques, sociaux, de sant\u00e9 et environnementaux. Il y a tr\u00e8s peu de pays avec lesquels nous pourrions \u00e9changer nos paniers et nos listes de choses \u00e0 faire et nous en sortirions mieux. Ce qui est plus impressionnant, c\u2019est que nous sommes presque en t\u00eate du peloton dans de nombreux indicateurs de la fa\u00e7on dont notre croissance et notre prosp\u00e9rit\u00e9 sont partag\u00e9es. Deux d\u2019entre eux ressortent : nous sommes num\u00e9ro un mondial en mati\u00e8re de participation \u00e0 l\u2019\u00e9ducation postsecondaire et nous avons plus de mobilit\u00e9 interg\u00e9n\u00e9rationnelle que tout autre pays du G7. Voici maintenant un autre indicateur simple : le Canada est de loin le meilleur endroit au monde pour na\u00eetre fille. Cette fille a une esp\u00e9rance de vie cette ann\u00e9e de 84 ans, 92% de chances de vivre jusqu\u2019\u00e0 65 ans et cette vie offre des voies vers l\u2019\u00e9ducation, des postes d\u2019influence et de pouvoir que tant d\u2019autres soci\u00e9t\u00e9s lui barreraient.<\/p>\n\n\n\n<p class=\"wp-block-paragraph\">Or, rien de tout cela n\u2019est le fruit du hasard ou de la chance. C\u2019est nous qui avons r\u00e9ussi. Oui, il y a une part de chance dans le fait d\u2019\u00eatre le Canada. Nous avons la chance d\u2019avoir une g\u00e9ographie magnifique, une abondance de ressources, de l\u2019eau douce, le plus long littoral au monde et une importance mondiale en tant que producteur d\u2019\u00e9nergie, de min\u00e9raux et de produits agricoles. Mais c\u2019est aussi le cas d\u2019autres pays, et bon nombre d\u2019entre eux sont accabl\u00e9s par les conflits, la corruption et des in\u00e9galit\u00e9s \u00e9crasantes.<\/p>\n\n\n\n<p class=\"wp-block-paragraph\">L&#039;histoire du Canada n&#039;est pas une question de chance; elle est une question de ce que nous choisissons de faire ensemble, g\u00e9n\u00e9ration apr\u00e8s g\u00e9n\u00e9ration, avec nos ressources. L&#039;histoire du Canada, c&#039;est d&#039;accomplir beaucoup de choses ensemble tout en \u00e9tant ouvert \u00e0 l&#039;un des plus grands bassins de nouveaux arrivants au monde, qui, g\u00e9n\u00e9ration apr\u00e8s g\u00e9n\u00e9ration, apportent leur contribution.<\/p>\n\n\n\n<p class=\"wp-block-paragraph\">\u00c0 l\u2019heure actuelle, le Canada est l\u2019une des quatre destinations les plus pris\u00e9es des \u00e9tudiants. C\u2019est une destination de choix pour les travailleurs qualifi\u00e9s et, \u00e0 tout moment, nous recevons plus de deux millions de demandes d\u2019admission \u00e0 notre service d\u2019immigration et de citoyennet\u00e9. Pourquoi ? Ce n\u2019est pas seulement une question d\u2019\u00e9conomie. L\u2019une des raisons pour lesquelles de nombreuses personnes souhaitent venir au Canada est que nos villes, comme celle-ci, figurent r\u00e9guli\u00e8rement parmi les premi\u00e8res au classement mondial en mati\u00e8re de s\u00e9curit\u00e9, d\u2019habitabilit\u00e9 et de qualit\u00e9 de vie. Une autre raison est qu\u2019elles savent qu\u2019elles ont de bonnes chances d\u2019\u00eatre accueillies au Canada, accept\u00e9es et qu\u2019elles auront la possibilit\u00e9 d\u2019ajouter leur histoire personnelle et familiale \u00e0 nos communaut\u00e9s, \u00e0 notre soci\u00e9t\u00e9 et \u00e0 notre culture.<\/p>\n\n\n\n<p class=\"wp-block-paragraph\">Cette diversit\u00e9 de sources a donn\u00e9 naissance \u00e0 une diversit\u00e9 de langues et de cultures rarement trouv\u00e9e sur cette plan\u00e8te, et l\u2019histoire du Canada est celle d\u2019un cercle d\u2019inclusion qui s\u2019\u00e9largit lentement. Les g\u00e9n\u00e9rations pass\u00e9es ont lutt\u00e9 avec acharnement et obtenu des gains pour les francophones, les femmes, les nouveaux arrivants, les personnes d\u2019identit\u00e9s sexuelles diverses et les personnes handicap\u00e9es.<\/p>\n\n\n\n<p class=\"wp-block-paragraph\">Ce travail se poursuit. Il est inachev\u00e9 et il pourrait \u00eatre difficile, et il n\u2019y a pas de place pour la complaisance. Mais je pense que, tandis que nous avan\u00e7ons et aspirons \u00e0 nous am\u00e9liorer, nous devrions nous arr\u00eater un instant et regarder les traces dans la neige, puis nous r\u00e9jouir et nous ressourcer face au chemin parcouru. Oui, pendant trop longtemps, l\u2019histoire du Canada a laiss\u00e9 de c\u00f4t\u00e9 des personnes qui \u00e9taient cach\u00e9es \u00e0 la vue de tous \u2013 nos peuples autochtones \u2013 et malgr\u00e9 tous les noms de lieux sur notre carte, c\u2019est une histoire entach\u00e9e de racisme et de marginalisation. Mais les choses commencent \u00e0 changer, pas assez vite, mais de mani\u00e8re constante et s\u00fbre. Nous suivons ce chemin. Le Canada a \u00e9t\u00e9 un terrain fertile pour les gens qui voulaient nous diviser.<\/p>\n\n\n\n<p class=\"wp-block-paragraph\">Cela fait des d\u00e9cennies que personne n&#039;a b\u00e2ti une carri\u00e8re politique r\u00e9ussie ici en critiquant les immigrants et en d\u00e9non\u00e7ant le racisme et l&#039;intol\u00e9rance. Aujourd&#039;hui, les Canadiens savent que cela fait partie de leur histoire. Nous aimons la mettre en avant le jour de la f\u00eate du Canada et nous savons d&#039;une certaine mani\u00e8re que la diversit\u00e9 est une part importante de notre identit\u00e9. Mais d&#039;apr\u00e8s mon exp\u00e9rience, les Canadiens connaissent beaucoup moins un autre aspect de leur propre histoire, et il semble que celui-ci soit pass\u00e9 sous silence. Il s&#039;agit de l&#039;histoire des riches ressources que nous avons constitu\u00e9es nous-m\u00eames. Ces ressources sont la fa\u00e7on dont nous vivons ensemble. C&#039;est notre combinaison de d\u00e9mocratie, de f\u00e9d\u00e9ralisme et de pluralisme. Ses fondements : nous avons b\u00e2ti la primaut\u00e9 du droit, une justice ind\u00e9pendante, une presse libre et un secteur public fort. Ce sont l\u00e0 les aspects vraiment particuliers de l&#039;histoire du Canada.<\/p>\n\n\n\n<p class=\"wp-block-paragraph\">Imaginez-vous en train de jouer avec Google Earth. Revenez en arri\u00e8re, tr\u00e8s en arri\u00e8re. Les 8 milliards d&#039;\u00eatres humains de cette plan\u00e8te bleue sont organis\u00e9s en plus de 200 \u00c9tats, et certaines personnes vivent sans \u00c9tat ou dans un \u00c9tat qui est clairement dirig\u00e9 au profit de quelqu&#039;un d&#039;autre. Des dizaines de millions de personnes sont d\u00e9plac\u00e9es. Sur ces 200 \u00c9tats, seuls 80 environ peuvent \u00eatre consid\u00e9r\u00e9s comme des d\u00e9mocraties, et la plupart d&#039;entre eux n&#039;ont pas vraiment atteint leur plein potentiel \u2013 ce sont des sortes de gouvernements autocratiques qui organisent des \u00e9lections. Mais le Canada est une d\u00e9mocratie \u00e0 part enti\u00e8re.<\/p>\n\n\n\n<p class=\"wp-block-paragraph\">Dans le classement annuel de Freedom House, le Canada obtient une note de 98 sur 100. Moins de 30 de ces 200 pays sont des f\u00e9d\u00e9rations, et ce n&#039;est pas rien d&#039;\u00eatre une f\u00e9d\u00e9ration prosp\u00e8re depuis 157 ans, car le f\u00e9d\u00e9ralisme n&#039;est pas une petite id\u00e9e, c&#039;est une grande id\u00e9e. Le f\u00e9d\u00e9ralisme est un moyen pour les gens de vivre ensemble en paix, de partager l&#039;espace politique, de partager les risques, de partager les avantages, d&#039;accro\u00eetre son impact sur le monde malgr\u00e9 les diff\u00e9rences de langue, de religion, de race, d&#039;ethnie, et il contribue \u00e0 \u00e9quilibrer la g\u00e9ographie.<\/p>\n\n\n\n<p class=\"wp-block-paragraph\">Depuis plus d\u2019un si\u00e8cle, le f\u00e9d\u00e9ralisme canadien n\u2019a jamais stagn\u00e9. Nous avons ajout\u00e9 des provinces, d\u00e9l\u00e9gu\u00e9 des pouvoirs aux gouvernements territoriaux, observ\u00e9 une \u00e9volution constante dans nos villes et nos r\u00e9gions, dans notre fa\u00e7on d\u2019organiser des services comme l\u2019\u00e9ducation, la sant\u00e9 et les transports, et nous avons ajout\u00e9 tardivement les gouvernements autochtones et leurs organismes \u00e0 l\u2019\u00e9quation. Nous avons men\u00e9 de nombreuses exp\u00e9riences sur la fa\u00e7on dont nous vivons ensemble, et nous continuerons. Nous r\u00e9glons nos probl\u00e8mes sans uniformit\u00e9 descendante, donc comme la d\u00e9mocratie, le f\u00e9d\u00e9ralisme peut parfois sembler bruyant et d\u00e9sordonn\u00e9, et le bruit et les d\u00e9saccords sont parfois per\u00e7us comme des dysfonctionnements. C\u2019est un terrain fertile pour les proph\u00e8tes de malheur.<\/p>\n\n\n\n<p class=\"wp-block-paragraph\">Au Canada, le discours est souvent domin\u00e9 par ceux qui sont m\u00e9contents de quelque chose, mais je vois ce bruit comme une preuve de vie. Cela demande du travail et des efforts, mais notre f\u00e9d\u00e9ralisme permet la diversification et l&#039;exp\u00e9rimentation. Bon nombre de nos r\u00e9alisations ont \u00e9t\u00e9 test\u00e9es et \u00e9prouv\u00e9es dans une partie du pays, puis copi\u00e9es dans d&#039;autres ou transpos\u00e9es \u00e0 l&#039;\u00e9chelle nationale. Dans d&#039;autres cas, nous sommes tr\u00e8s \u00e0 l&#039;aise au Canada avec nos provinces et nos villes qui choisissent des voies tr\u00e8s diff\u00e9rentes. Nous avons travers\u00e9 des p\u00e9riodes beaucoup plus turbulentes que tout ce que nous connaissons aujourd&#039;hui, et nous avons trouv\u00e9 une solution parce qu&#039;au Canada, nous avons beaucoup appris sur le dialogue, le compromis et l&#039;accommodement.<\/p>\n\n\n\n<p class=\"wp-block-paragraph\">Nos valeurs sont le fruit de d\u00e9cennies de travail acharn\u00e9, d\u2019une gouvernance intelligente et de compromis opportuns. Le leadership politique \u00e0 des moments cruciaux. Lorsque j\u2019\u00e9tais au gouvernement, partout o\u00f9 j\u2019ai travaill\u00e9 au fil des ans, j\u2019ai re\u00e7u un flux constant de visiteurs d\u2019autres pays. Ils venaient d\u00e9couvrir ce que nous faisions ici et voir si cela pouvait s\u2019appliquer \u00e0 leurs d\u00e9fis. Ce qui les fascinait, ce n\u2019\u00e9taient pas les institutions ou les m\u00e9canismes, mais les valeurs sous-jacentes de solidarit\u00e9, d\u2019\u00e9quilibre et d\u2019acceptation des diff\u00e9rences.<\/p>\n\n\n\n<p class=\"wp-block-paragraph\">C&#039;est ce secteur qui a toujours \u00e9t\u00e9 le plus difficile \u00e0 transplanter, surtout apr\u00e8s un conflit. De nombreux visiteurs sont venus d\u00e9couvrir notre secteur public, o\u00f9 travaille un Canadien sur cinq, parce que nous y excellons \u00e0 tous les niveaux. Bien s\u00fbr, si vous cherchez bien, vous trouverez des exemples d&#039;excellence dans d&#039;autres pays : la Nouvelle-Z\u00e9lande, les pays nordiques, l&#039;Estonie, Singapour. Vous remarquez cette tendance ? Ce sont de petits pays, et je sais que l&#039;histoire du Canada comprend au moins un chapitre sur un secteur public solide, professionnel et non partisan qui travaille efficacement avec les gouvernements que nous \u00e9lisons et avec les secteurs priv\u00e9 et sans but lucratif.<\/p>\n\n\n\n<p class=\"wp-block-paragraph\">Il s\u2019agit d\u2019un cercle vertueux : un secteur priv\u00e9 dynamique cr\u00e9e des emplois, des revenus et des recettes qui financent les services, soutient la philanthropie et fournit une grande partie de l\u2019innovation, des services et de la technologie.<\/p>\n\n\n\n<p class=\"wp-block-paragraph\">Mais il n&#039;y aurait pas de secteur priv\u00e9 dynamique ici sans un secteur public fort, car il ne s&#039;agit pas d&#039;un jeu \u00e0 somme nulle. Les deux peuvent gagner; le Canada peut gagner.<\/p>\n\n\n\n<p class=\"wp-block-paragraph\">Nous avons pris cette partie de l\u2019histoire pour acquis, mais c\u2019est un acte de volont\u00e9 et le r\u00e9sultat d\u2019un travail acharn\u00e9 et soutenu, et il faudra une attention soutenue, peut-\u00eatre un certain investissement, pour maintenir cette partie de notre histoire dans les ann\u00e9es \u00e0 venir.<\/p>\n\n\n\n<p class=\"wp-block-paragraph\">Mon propos aujourd\u2019hui est donc de savoir comment nous allons d\u00e9battre et prendre des d\u00e9cisions. Ce qui compte, c\u2019est comment nous allons pr\u00e9server et transmettre les ressources que nous avons cr\u00e9\u00e9es \u2013 la d\u00e9mocratie, la libert\u00e9, l\u2019\u00c9tat de droit, le f\u00e9d\u00e9ralisme, le pluralisme, un secteur public fort. Nous disposons de ces ressources et nous avons encore les outils pour tirer les le\u00e7ons de notre histoire et de nos erreurs et continuer \u00e0 travailler dur pour am\u00e9liorer les choses. Nous avons des valeurs de solidarit\u00e9 et d\u2019inclusion qui peuvent guider nos d\u00e9bats et nos choix. Et nous ne nous sommes pas encore irr\u00e9vocablement divis\u00e9s en deux camps : le \u00ab nous \u00bb et le \u00ab eux \u00bb. Il y a encore une place pour la civilit\u00e9, le respect et le dialogue.<\/p>\n\n\n\n<p class=\"wp-block-paragraph\">Nous devons faire une pause de temps en temps et regarder d\u2019o\u00f9 nous venons.<\/p>\n\n\n\n<p class=\"wp-block-paragraph\">Nous devons faire une pause de temps en temps et regarder autour de nous le reste du monde.<\/p>\n\n\n\n<p class=\"wp-block-paragraph\">Nous, Canadiens, sommes confront\u00e9s \u00e0 de grands d\u00e9fis et \u00e0 de grands choix, et nous vivons des temps difficiles. Nous devons toujours \u00eatre impatients et ambitieux. Mais nous devons nous \u00e9lever au-dessus des cyniques, des irr\u00e9ductibles, des d\u00e9faitistes et rejeter les forces de la col\u00e8re et de la division. Nous devons \u00eatre des optimistes t\u00eatus, persistants et pragmatiques. L\u2019histoire du Canada est encore en train de s\u2019\u00e9crire. Transmettons-la.<\/p>","protected":false},"excerpt":{"rendered":"<p>Un vaste \u00e9ventail de boucles de r\u00e9troaction nous r\u00e9v\u00e8le tout ce qui aurait pu \u00eatre am\u00e9lior\u00e9 au Canada. Michael Wernick s\u2019oppose \u00e0 la n\u00e9gativit\u00e9 toxique. Si nous prenons le temps de regarder en arri\u00e8re et d\u2019observer le monde qui nous entoure, nous pourrons \u00eatre beaucoup plus confiants quant \u00e0 notre avenir. Ce qui compte, c\u2019est la fa\u00e7on dont nous apprenons, parlons et d\u00e9cidons.<\/p>","protected":false},"featured_media":2393,"template":"wp-custom-template-video","meta":{"_acf_changed":false,"nf_dc_page":"","_links_to":"","_links_to_target":""},"categories":[],"tags":[],"class_list":["post-1372","video","type-video","status-publish","has-post-thumbnail","hentry"],"acf":[],"yoast_head":"<!-- This site is optimized with the Yoast SEO plugin v28.4 - https:\/\/yoast.com\/product\/yoast-seo-wordpress\/ -->\n<title>Canada: Resilient Not Broken - Jarislowsky Chair in Public Sector Management<\/title>\n<meta name=\"robots\" content=\"index, follow, max-snippet:-1, max-image-preview:large, max-video-preview:-1\" \/>\n<link rel=\"canonical\" href=\"https:\/\/secteur-public-sector.ca\/fr\/video\/le-canada-est-resilient-et-non-brise\/\" \/>\n<meta property=\"og:locale\" content=\"fr_CA\" \/>\n<meta property=\"og:type\" content=\"article\" \/>\n<meta property=\"og:title\" content=\"Canada: Resilient Not Broken - Jarislowsky Chair in Public Sector Management\" \/>\n<meta property=\"og:description\" content=\"A vast array of feedback loops tells us all the things that could have been done better in Canada. Michael Wernick makes the case against toxic negativity. If we pause to look back and look around the world, we can be a lot more confident about our future. How we learn, talk and decide is what matters.\" \/>\n<meta property=\"og:url\" content=\"https:\/\/secteur-public-sector.ca\/fr\/video\/le-canada-est-resilient-et-non-brise\/\" \/>\n<meta property=\"og:site_name\" content=\"Jarislowsky Chair in Public Sector Management\" \/>\n<meta property=\"article:modified_time\" content=\"2024-09-23T15:43:08+00:00\" \/>\n<meta property=\"og:image\" content=\"https:\/\/secteur-public-sector.ca\/wp-content\/uploads\/2024\/08\/canada-resilient-not-broken.png\" \/>\n\t<meta property=\"og:image:width\" content=\"1272\" \/>\n\t<meta property=\"og:image:height\" content=\"632\" \/>\n\t<meta property=\"og:image:type\" content=\"image\/png\" \/>\n<meta name=\"twitter:card\" content=\"summary_large_image\" \/>\n<meta name=\"twitter:label1\" content=\"Estimation du temps de lecture\" \/>\n\t<meta name=\"twitter:data1\" content=\"12 minutes\" \/>\n<script type=\"application\/ld+json\" class=\"yoast-schema-graph\">{\"@context\":\"https:\\\/\\\/schema.org\",\"@graph\":[{\"@type\":\"WebPage\",\"@id\":\"https:\\\/\\\/secteur-public-sector.ca\\\/en\\\/video\\\/canada-resilient-not-broken\\\/\",\"url\":\"https:\\\/\\\/secteur-public-sector.ca\\\/en\\\/video\\\/canada-resilient-not-broken\\\/\",\"name\":\"Canada: Resilient Not Broken - Jarislowsky Chair in Public Sector Management\",\"isPartOf\":{\"@id\":\"https:\\\/\\\/secteur-public-sector.ca\\\/en\\\/#website\"},\"primaryImageOfPage\":{\"@id\":\"https:\\\/\\\/secteur-public-sector.ca\\\/en\\\/video\\\/canada-resilient-not-broken\\\/#primaryimage\"},\"image\":{\"@id\":\"https:\\\/\\\/secteur-public-sector.ca\\\/en\\\/video\\\/canada-resilient-not-broken\\\/#primaryimage\"},\"thumbnailUrl\":\"https:\\\/\\\/secteur-public-sector.ca\\\/wp-content\\\/uploads\\\/2024\\\/08\\\/canada-resilient-not-broken.png\",\"datePublished\":\"2024-08-15T21:40:31+00:00\",\"dateModified\":\"2024-09-23T15:43:08+00:00\",\"breadcrumb\":{\"@id\":\"https:\\\/\\\/secteur-public-sector.ca\\\/en\\\/video\\\/canada-resilient-not-broken\\\/#breadcrumb\"},\"inLanguage\":\"fr-CA\",\"potentialAction\":[{\"@type\":\"ReadAction\",\"target\":[\"https:\\\/\\\/secteur-public-sector.ca\\\/en\\\/video\\\/canada-resilient-not-broken\\\/\"]}]},{\"@type\":\"ImageObject\",\"inLanguage\":\"fr-CA\",\"@id\":\"https:\\\/\\\/secteur-public-sector.ca\\\/en\\\/video\\\/canada-resilient-not-broken\\\/#primaryimage\",\"url\":\"https:\\\/\\\/secteur-public-sector.ca\\\/wp-content\\\/uploads\\\/2024\\\/08\\\/canada-resilient-not-broken.png\",\"contentUrl\":\"https:\\\/\\\/secteur-public-sector.ca\\\/wp-content\\\/uploads\\\/2024\\\/08\\\/canada-resilient-not-broken.png\",\"width\":1272,\"height\":632},{\"@type\":\"BreadcrumbList\",\"@id\":\"https:\\\/\\\/secteur-public-sector.ca\\\/en\\\/video\\\/canada-resilient-not-broken\\\/#breadcrumb\",\"itemListElement\":[{\"@type\":\"ListItem\",\"position\":1,\"name\":\"Home\",\"item\":\"https:\\\/\\\/secteur-public-sector.ca\\\/\"},{\"@type\":\"ListItem\",\"position\":2,\"name\":\"Canada: Resilient Not Broken\"}]},{\"@type\":\"WebSite\",\"@id\":\"https:\\\/\\\/secteur-public-sector.ca\\\/en\\\/#website\",\"url\":\"https:\\\/\\\/secteur-public-sector.ca\\\/en\\\/\",\"name\":\"Jarislowsky Chair in Public Sector Management\",\"description\":\"\",\"potentialAction\":[{\"@type\":\"SearchAction\",\"target\":{\"@type\":\"EntryPoint\",\"urlTemplate\":\"https:\\\/\\\/secteur-public-sector.ca\\\/en\\\/?s={search_term_string}\"},\"query-input\":{\"@type\":\"PropertyValueSpecification\",\"valueRequired\":true,\"valueName\":\"search_term_string\"}}],\"inLanguage\":\"fr-CA\"}]}<\/script>\n<!-- \/ Yoast SEO plugin. -->","yoast_head_json":{"title":"Canada : R\u00e9silient, mais pas bris\u00e9 - Chaire Jarislowsky en gestion du secteur public","robots":{"index":"index","follow":"follow","max-snippet":"max-snippet:-1","max-image-preview":"max-image-preview:large","max-video-preview":"max-video-preview:-1"},"canonical":"https:\/\/secteur-public-sector.ca\/fr\/video\/le-canada-est-resilient-et-non-brise\/","og_locale":"fr_CA","og_type":"article","og_title":"Canada: Resilient Not Broken - Jarislowsky Chair in Public Sector Management","og_description":"A vast array of feedback loops tells us all the things that could have been done better in Canada. Michael Wernick makes the case against toxic negativity. If we pause to look back and look around the world, we can be a lot more confident about our future. How we learn, talk and decide is what matters.","og_url":"https:\/\/secteur-public-sector.ca\/fr\/video\/le-canada-est-resilient-et-non-brise\/","og_site_name":"Jarislowsky Chair in Public Sector Management","article_modified_time":"2024-09-23T15:43:08+00:00","og_image":[{"width":1272,"height":632,"url":"https:\/\/secteur-public-sector.ca\/wp-content\/uploads\/2024\/08\/canada-resilient-not-broken.png","type":"image\/png"}],"twitter_card":"summary_large_image","twitter_misc":{"Estimation du temps de lecture":"12 minutes"},"schema":{"@context":"https:\/\/schema.org","@graph":[{"@type":"WebPage","@id":"https:\/\/secteur-public-sector.ca\/en\/video\/canada-resilient-not-broken\/","url":"https:\/\/secteur-public-sector.ca\/en\/video\/canada-resilient-not-broken\/","name":"Canada : R\u00e9silient, mais pas bris\u00e9 - Chaire Jarislowsky en gestion du secteur public","isPartOf":{"@id":"https:\/\/secteur-public-sector.ca\/en\/#website"},"primaryImageOfPage":{"@id":"https:\/\/secteur-public-sector.ca\/en\/video\/canada-resilient-not-broken\/#primaryimage"},"image":{"@id":"https:\/\/secteur-public-sector.ca\/en\/video\/canada-resilient-not-broken\/#primaryimage"},"thumbnailUrl":"https:\/\/secteur-public-sector.ca\/wp-content\/uploads\/2024\/08\/canada-resilient-not-broken.png","datePublished":"2024-08-15T21:40:31+00:00","dateModified":"2024-09-23T15:43:08+00:00","breadcrumb":{"@id":"https:\/\/secteur-public-sector.ca\/en\/video\/canada-resilient-not-broken\/#breadcrumb"},"inLanguage":"fr-CA","potentialAction":[{"@type":"ReadAction","target":["https:\/\/secteur-public-sector.ca\/en\/video\/canada-resilient-not-broken\/"]}]},{"@type":"ImageObject","inLanguage":"fr-CA","@id":"https:\/\/secteur-public-sector.ca\/en\/video\/canada-resilient-not-broken\/#primaryimage","url":"https:\/\/secteur-public-sector.ca\/wp-content\/uploads\/2024\/08\/canada-resilient-not-broken.png","contentUrl":"https:\/\/secteur-public-sector.ca\/wp-content\/uploads\/2024\/08\/canada-resilient-not-broken.png","width":1272,"height":632},{"@type":"BreadcrumbList","@id":"https:\/\/secteur-public-sector.ca\/en\/video\/canada-resilient-not-broken\/#breadcrumb","itemListElement":[{"@type":"ListItem","position":1,"name":"Home","item":"https:\/\/secteur-public-sector.ca\/"},{"@type":"ListItem","position":2,"name":"Canada: Resilient Not Broken"}]},{"@type":"WebSite","@id":"https:\/\/secteur-public-sector.ca\/en\/#website","url":"https:\/\/secteur-public-sector.ca\/en\/","name":"Chaire Jarislowsky en Gestion du Secteur Public","description":"","potentialAction":[{"@type":"SearchAction","target":{"@type":"EntryPoint","urlTemplate":"https:\/\/secteur-public-sector.ca\/en\/?s={search_term_string}"},"query-input":{"@type":"PropertyValueSpecification","valueRequired":true,"valueName":"search_term_string"}}],"inLanguage":"fr-CA"}]}},"_links":{"self":[{"href":"https:\/\/secteur-public-sector.ca\/fr\/wp-json\/wp\/v2\/video\/1372","targetHints":{"allow":["GET"]}}],"collection":[{"href":"https:\/\/secteur-public-sector.ca\/fr\/wp-json\/wp\/v2\/video"}],"about":[{"href":"https:\/\/secteur-public-sector.ca\/fr\/wp-json\/wp\/v2\/types\/video"}],"wp:featuredmedia":[{"embeddable":true,"href":"https:\/\/secteur-public-sector.ca\/fr\/wp-json\/wp\/v2\/media\/2393"}],"wp:attachment":[{"href":"https:\/\/secteur-public-sector.ca\/fr\/wp-json\/wp\/v2\/media?parent=1372"}],"wp:term":[{"taxonomy":"category","embeddable":true,"href":"https:\/\/secteur-public-sector.ca\/fr\/wp-json\/wp\/v2\/categories?post=1372"},{"taxonomy":"post_tag","embeddable":true,"href":"https:\/\/secteur-public-sector.ca\/fr\/wp-json\/wp\/v2\/tags?post=1372"}],"curies":[{"name":"wp","href":"https:\/\/api.w.org\/{rel}","templated":true}]}}