{"id":1931,"date":"2024-08-27T18:03:52","date_gmt":"2024-08-27T18:03:52","guid":{"rendered":"https:\/\/secteur-public-sector.ca\/?page_id=1931"},"modified":"2024-08-28T17:06:59","modified_gmt":"2024-08-28T17:06:59","slug":"comparutions-devant-les-commissions-parlementaires","status":"publish","type":"page","link":"https:\/\/secteur-public-sector.ca\/fr\/comparutions-devant-les-commissions-parlementaires\/","title":{"rendered":"COMPARUTIONS DEVANT LES COMMISSIONS PARLEMENTAIRES"},"content":{"rendered":"<p class=\"wp-block-paragraph\">Liste des apparitions de Michael Wernick devant les commissions parlementaires depuis sa retraite en 2019<\/p>\n\n\n\n<div style=\"height:36px\" aria-hidden=\"true\" class=\"wp-block-spacer\"><\/div>\n\n\n\n<details class=\"wp-block-details is-layout-flow wp-block-details-is-layout-flow\"><summary>Inconduite sexuelle dans les Forces arm\u00e9es canadiennes<\/summary>\n<div class=\"wp-block-group has-background has-global-padding is-layout-constrained wp-container-core-group-is-layout-217367ca wp-block-group-is-layout-constrained\" style=\"background-color:#ffffff8a;padding-top:var(--wp--preset--spacing--20);padding-right:var(--wp--preset--spacing--20);padding-bottom:var(--wp--preset--spacing--20);padding-left:var(--wp--preset--spacing--20)\">\n<p class=\"wp-block-paragraph\">D\u00e9fense nationale (NDDN)<br>43e l\u00e9gislature, 23e s\u00e9ance<br>5 avril 2021<\/p>\n\n\n\n<div class=\"wp-block-buttons is-layout-flex wp-block-buttons-is-layout-flex\">\n<div class=\"wp-block-button\"><a class=\"wp-block-button__link wp-element-button\" href=\"https:\/\/www.ourcommons.ca\/documentviewer\/en\/43-2\/NDDN\/meeting-23\/notice\">R\u00e9union<\/a><\/div>\n\n\n\n<div class=\"wp-block-button\"><a class=\"wp-block-button__link wp-element-button\" href=\"https:\/\/www.ourcommons.ca\/documentviewer\/en\/43-2\/NDDN\/meeting-23\/evidence#Int-11219087\">Transcription<\/a><\/div>\n<\/div>\n<\/div>\n<\/details>\n\n\n\n<details class=\"wp-block-details is-layout-flow wp-block-details-is-layout-flow\"><summary>R\u00e9forme de l&#039;acc\u00e8s \u00e0 l&#039;information<\/summary>\n<div class=\"wp-block-group has-background has-global-padding is-layout-constrained wp-container-core-group-is-layout-217367ca wp-block-group-is-layout-constrained\" style=\"background-color:#ffffff8a;padding-top:var(--wp--preset--spacing--20);padding-right:var(--wp--preset--spacing--20);padding-bottom:var(--wp--preset--spacing--20);padding-left:var(--wp--preset--spacing--20)\">\n<p class=\"wp-block-paragraph\">Acc\u00e8s \u00e0 l&#039;information, \u00e9thique et protection de la vie priv\u00e9e (ETHI)<br>44e l\u00e9gislature, 47e s\u00e9ance<br>21 novembre 2022<\/p>\n\n\n\n<div class=\"wp-block-buttons is-layout-flex wp-block-buttons-is-layout-flex\">\n<div class=\"wp-block-button\"><a class=\"wp-block-button__link wp-element-button\" href=\"https:\/\/www.ourcommons.ca\/documentviewer\/en\/44-1\/ETHI\/meeting-47\/notice\">R\u00e9union<\/a><\/div>\n\n\n\n<div class=\"wp-block-button\"><a class=\"wp-block-button__link wp-element-button\" href=\"https:\/\/www.ourcommons.ca\/documentviewer\/en\/44-1\/ETHI\/meeting-47\/evidence#Int-11933166\">Transcription<\/a><\/div>\n<\/div>\n<\/div>\n<\/details>\n\n\n\n<details class=\"wp-block-details is-layout-flow wp-block-details-is-layout-flow\"><summary>Ing\u00e9rence \u00e9trang\u00e8re 1<\/summary>\n<div class=\"wp-block-group has-background has-global-padding is-layout-constrained wp-container-core-group-is-layout-217367ca wp-block-group-is-layout-constrained\" style=\"background-color:#ffffff8a;padding-top:var(--wp--preset--spacing--20);padding-right:var(--wp--preset--spacing--20);padding-bottom:var(--wp--preset--spacing--20);padding-left:var(--wp--preset--spacing--20)\">\n<p class=\"wp-block-paragraph\">Proc\u00e9dure et affaires de la Chambre (PROC)<br>44e l\u00e9gislature, 63e s\u00e9ance<br>18 avril 2023<\/p>\n\n\n\n<div class=\"wp-block-buttons is-layout-flex wp-block-buttons-is-layout-flex\">\n<div class=\"wp-block-button\"><a class=\"wp-block-button__link wp-element-button\" href=\"https:\/\/www.ourcommons.ca\/documentviewer\/en\/44-1\/PROC\/meeting-63\/notice\">R\u00e9union<\/a><\/div>\n\n\n\n<div class=\"wp-block-button\"><a class=\"wp-block-button__link wp-element-button\" href=\"https:\/\/www.ourcommons.ca\/documentviewer\/en\/44-1\/PROC\/meeting-63\/evidence#Int-12142549\">Transcription<\/a><\/div>\n<\/div>\n<\/div>\n<\/details>\n\n\n\n<details class=\"wp-block-details is-layout-flow wp-block-details-is-layout-flow\"><summary>Recours \u00e0 des consultants<\/summary>\n<div class=\"wp-block-group has-background has-global-padding is-layout-constrained wp-container-core-group-is-layout-217367ca wp-block-group-is-layout-constrained\" style=\"background-color:#ffffff8a;padding-top:var(--wp--preset--spacing--20);padding-right:var(--wp--preset--spacing--20);padding-bottom:var(--wp--preset--spacing--20);padding-left:var(--wp--preset--spacing--20)\">\n<p class=\"wp-block-paragraph\">Op\u00e9rations gouvernementales (OGGO)<br>44e l\u00e9gislature, 62e s\u00e9ance<br>24 avril 2023<\/p>\n\n\n\n<div class=\"wp-block-buttons is-layout-flex wp-block-buttons-is-layout-flex\">\n<div class=\"wp-block-button\"><a class=\"wp-block-button__link wp-element-button\" href=\"https:\/\/www.ourcommons.ca\/documentviewer\/en\/44-1\/OGGO\/meeting-62\/notice\">R\u00e9union<\/a><\/div>\n\n\n\n<div class=\"wp-block-button\"><a class=\"wp-block-button__link wp-element-button\" href=\"https:\/\/www.ourcommons.ca\/documentviewer\/en\/44-1\/OGGO\/meeting-62\/evidence#Int-12155269\">Transcription<\/a><\/div>\n<\/div>\n<\/div>\n<\/details>\n\n\n\n<details class=\"wp-block-details is-layout-flow wp-block-details-is-layout-flow\"><summary>Ing\u00e9rence \u00e9trang\u00e8re 2<\/summary>\n<div class=\"wp-block-group has-background has-global-padding is-layout-constrained wp-container-core-group-is-layout-217367ca wp-block-group-is-layout-constrained\" style=\"background-color:#ffffff8a;padding-top:var(--wp--preset--spacing--20);padding-right:var(--wp--preset--spacing--20);padding-bottom:var(--wp--preset--spacing--20);padding-left:var(--wp--preset--spacing--20)\">\n<p class=\"wp-block-paragraph\">Proc\u00e9dure et affaires de la Chambre (PROC)<br>44e l\u00e9gislature, r\u00e9union 77<br>30 mai 2023<\/p>\n\n\n\n<div class=\"wp-block-buttons is-layout-flex wp-block-buttons-is-layout-flex\">\n<div class=\"wp-block-button\"><a class=\"wp-block-button__link wp-element-button\" href=\"https:\/\/www.ourcommons.ca\/documentviewer\/en\/44-1\/PROC\/meeting-77\/notice\">R\u00e9union<\/a><\/div>\n\n\n\n<div class=\"wp-block-button\"><a class=\"wp-block-button__link wp-element-button\" href=\"https:\/\/www.ourcommons.ca\/documentviewer\/en\/44-1\/PROC\/meeting-77\/evidence#Int-12242623\">Transcription<\/a><\/div>\n<\/div>\n<\/div>\n<\/details>\n\n\n\n<details class=\"wp-block-details is-layout-flow wp-block-details-is-layout-flow\"><summary>Enqu\u00eates de la GRC<\/summary>\n<div class=\"wp-block-group has-background has-global-padding is-layout-constrained wp-container-core-group-is-layout-217367ca wp-block-group-is-layout-constrained\" style=\"background-color:#ffffff8a;padding-top:var(--wp--preset--spacing--20);padding-right:var(--wp--preset--spacing--20);padding-bottom:var(--wp--preset--spacing--20);padding-left:var(--wp--preset--spacing--20)\">\n<p class=\"wp-block-paragraph\">Acc\u00e8s \u00e0 l&#039;information, \u00e9thique et protection de la vie priv\u00e9e (ETHI)<br>44e l\u00e9gislature, r\u00e9union 108<br>19 mars 2024<\/p>\n\n\n\n<div class=\"wp-block-buttons is-layout-flex wp-block-buttons-is-layout-flex\">\n<div class=\"wp-block-button\"><a class=\"wp-block-button__link wp-element-button\" href=\"https:\/\/www.ourcommons.ca\/documentviewer\/en\/44-1\/ETHI\/meeting-108\/notice\">R\u00e9union<\/a><\/div>\n\n\n\n<div class=\"wp-block-button\"><a class=\"wp-block-button__link wp-element-button\" href=\"https:\/\/www.ourcommons.ca\/documentviewer\/en\/44-1\/ETHI\/meeting-108\/evidence#Int-12631216\">Transcription<\/a><\/div>\n<\/div>\n<\/div>\n<\/details>\n\n\n\n<details class=\"wp-block-details is-layout-flow wp-block-details-is-layout-flow\"><summary>Logement des Premi\u00e8res Nations<\/summary>\n<div class=\"wp-block-group has-background has-global-padding is-layout-constrained wp-container-core-group-is-layout-217367ca wp-block-group-is-layout-constrained\" style=\"background-color:#ffffff8a;padding-top:var(--wp--preset--spacing--20);padding-right:var(--wp--preset--spacing--20);padding-bottom:var(--wp--preset--spacing--20);padding-left:var(--wp--preset--spacing--20)\">\n<p class=\"wp-block-paragraph\">Comptes publics (PAPC)<br>44e l\u00e9gislature, r\u00e9union 128<br>4 juin 2024<\/p>\n\n\n\n<div class=\"wp-block-buttons is-layout-flex wp-block-buttons-is-layout-flex\">\n<div class=\"wp-block-button\"><a class=\"wp-block-button__link wp-element-button\" href=\"https:\/\/www.ourcommons.ca\/documentviewer\/en\/44-1\/PACP\/meeting-128\/notice\">R\u00e9union<\/a><\/div>\n\n\n\n<div class=\"wp-block-button\"><a class=\"wp-block-button__link wp-element-button\" href=\"https:\/\/www.ourcommons.ca\/documentviewer\/en\/44-1\/PACP\/meeting-128\/evidence#Int-12794374\">Transcription<\/a><\/div>\n<\/div>\n<\/div>\n<\/details>\n\n\n\n<div style=\"height:36px\" aria-hidden=\"true\" class=\"wp-block-spacer\"><\/div>","protected":false},"excerpt":{"rendered":"<p>Liste des apparitions de Michael Wernick devant les commissions parlementaires depuis sa retraite en 2019<\/p>","protected":false},"author":1,"featured_media":1071,"parent":0,"menu_order":0,"comment_status":"closed","ping_status":"closed","template":"","meta":{"_acf_changed":false,"nf_dc_page":"","footnotes":"","_links_to":"","_links_to_target":""},"class_list":["post-1931","page","type-page","status-publish","has-post-thumbnail","hentry"],"acf":[],"yoast_head":"<!-- This site is optimized with the Yoast SEO plugin v28.4 - https:\/\/yoast.com\/product\/yoast-seo-wordpress\/ -->\n<title>PARLIAMENTARY COMMITTEE APPEARANCES - Jarislowsky Chair in Public Sector Management<\/title>\n<meta name=\"robots\" content=\"index, follow, max-snippet:-1, max-image-preview:large, max-video-preview:-1\" \/>\n<link rel=\"canonical\" href=\"https:\/\/secteur-public-sector.ca\/fr\/comparutions-devant-les-commissions-parlementaires\/\" \/>\n<meta property=\"og:locale\" content=\"fr_CA\" \/>\n<meta property=\"og:type\" content=\"article\" \/>\n<meta property=\"og:title\" content=\"PARLIAMENTARY COMMITTEE APPEARANCES - Jarislowsky Chair in Public Sector Management\" \/>\n<meta property=\"og:description\" content=\"A list of Michael Wernick&#8217;s appearances at parliamentary committees since retiring in 2019\" \/>\n<meta property=\"og:url\" content=\"https:\/\/secteur-public-sector.ca\/fr\/comparutions-devant-les-commissions-parlementaires\/\" \/>\n<meta property=\"og:site_name\" content=\"Jarislowsky Chair in Public Sector Management\" \/>\n<meta property=\"article:modified_time\" content=\"2024-08-28T17:06:59+00:00\" \/>\n<meta property=\"og:image\" content=\"https:\/\/secteur-public-sector.ca\/wp-content\/uploads\/2024\/08\/aerial-view-no-border-e1724198694762.png\" \/>\n\t<meta property=\"og:image:width\" content=\"1080\" \/>\n\t<meta property=\"og:image:height\" content=\"541\" \/>\n\t<meta property=\"og:image:type\" content=\"image\/png\" \/>\n<meta name=\"twitter:card\" content=\"summary_large_image\" \/>\n<meta name=\"twitter:label1\" content=\"Estimation du temps de lecture\" \/>\n\t<meta name=\"twitter:data1\" content=\"1 minute\" \/>\n<script type=\"application\/ld+json\" class=\"yoast-schema-graph\">{\"@context\":\"https:\\\/\\\/schema.org\",\"@graph\":[{\"@type\":\"WebPage\",\"@id\":\"https:\\\/\\\/secteur-public-sector.ca\\\/parliamentary-committee-appearances\\\/\",\"url\":\"https:\\\/\\\/secteur-public-sector.ca\\\/parliamentary-committee-appearances\\\/\",\"name\":\"PARLIAMENTARY COMMITTEE APPEARANCES - Jarislowsky Chair in Public Sector Management\",\"isPartOf\":{\"@id\":\"https:\\\/\\\/secteur-public-sector.ca\\\/en\\\/#website\"},\"primaryImageOfPage\":{\"@id\":\"https:\\\/\\\/secteur-public-sector.ca\\\/parliamentary-committee-appearances\\\/#primaryimage\"},\"image\":{\"@id\":\"https:\\\/\\\/secteur-public-sector.ca\\\/parliamentary-committee-appearances\\\/#primaryimage\"},\"thumbnailUrl\":\"https:\\\/\\\/secteur-public-sector.ca\\\/wp-content\\\/uploads\\\/2024\\\/08\\\/aerial-view-no-border-e1724198694762.png\",\"datePublished\":\"2024-08-27T18:03:52+00:00\",\"dateModified\":\"2024-08-28T17:06:59+00:00\",\"breadcrumb\":{\"@id\":\"https:\\\/\\\/secteur-public-sector.ca\\\/parliamentary-committee-appearances\\\/#breadcrumb\"},\"inLanguage\":\"fr-CA\",\"potentialAction\":[{\"@type\":\"ReadAction\",\"target\":[\"https:\\\/\\\/secteur-public-sector.ca\\\/parliamentary-committee-appearances\\\/\"]}]},{\"@type\":\"ImageObject\",\"inLanguage\":\"fr-CA\",\"@id\":\"https:\\\/\\\/secteur-public-sector.ca\\\/parliamentary-committee-appearances\\\/#primaryimage\",\"url\":\"https:\\\/\\\/secteur-public-sector.ca\\\/wp-content\\\/uploads\\\/2024\\\/08\\\/aerial-view-no-border-e1724198694762.png\",\"contentUrl\":\"https:\\\/\\\/secteur-public-sector.ca\\\/wp-content\\\/uploads\\\/2024\\\/08\\\/aerial-view-no-border-e1724198694762.png\",\"width\":1080,\"height\":541,\"caption\":\"Jarislowsky Chair in Public Sector Management\"},{\"@type\":\"BreadcrumbList\",\"@id\":\"https:\\\/\\\/secteur-public-sector.ca\\\/parliamentary-committee-appearances\\\/#breadcrumb\",\"itemListElement\":[{\"@type\":\"ListItem\",\"position\":1,\"name\":\"Home\",\"item\":\"https:\\\/\\\/secteur-public-sector.ca\\\/\"},{\"@type\":\"ListItem\",\"position\":2,\"name\":\"PARLIAMENTARY COMMITTEE APPEARANCES\"}]},{\"@type\":\"WebSite\",\"@id\":\"https:\\\/\\\/secteur-public-sector.ca\\\/en\\\/#website\",\"url\":\"https:\\\/\\\/secteur-public-sector.ca\\\/en\\\/\",\"name\":\"Jarislowsky Chair in Public Sector Management\",\"description\":\"\",\"potentialAction\":[{\"@type\":\"SearchAction\",\"target\":{\"@type\":\"EntryPoint\",\"urlTemplate\":\"https:\\\/\\\/secteur-public-sector.ca\\\/en\\\/?s={search_term_string}\"},\"query-input\":{\"@type\":\"PropertyValueSpecification\",\"valueRequired\":true,\"valueName\":\"search_term_string\"}}],\"inLanguage\":\"fr-CA\"}]}<\/script>\n<!-- \/ Yoast SEO plugin. -->","yoast_head_json":{"title":"PARLIAMENTARY COMMITTEE APPEARANCES - Jarislowsky Chair in Public Sector Management","robots":{"index":"index","follow":"follow","max-snippet":"max-snippet:-1","max-image-preview":"max-image-preview:large","max-video-preview":"max-video-preview:-1"},"canonical":"https:\/\/secteur-public-sector.ca\/fr\/comparutions-devant-les-commissions-parlementaires\/","og_locale":"fr_CA","og_type":"article","og_title":"PARLIAMENTARY COMMITTEE APPEARANCES - Jarislowsky Chair in Public Sector Management","og_description":"A list of Michael Wernick&#8217;s appearances at parliamentary committees since retiring in 2019","og_url":"https:\/\/secteur-public-sector.ca\/fr\/comparutions-devant-les-commissions-parlementaires\/","og_site_name":"Jarislowsky Chair in Public Sector Management","article_modified_time":"2024-08-28T17:06:59+00:00","og_image":[{"width":1080,"height":541,"url":"https:\/\/secteur-public-sector.ca\/wp-content\/uploads\/2024\/08\/aerial-view-no-border-e1724198694762.png","type":"image\/png"}],"twitter_card":"summary_large_image","twitter_misc":{"Estimation du temps de lecture":"1 minute"},"schema":{"@context":"https:\/\/schema.org","@graph":[{"@type":"WebPage","@id":"https:\/\/secteur-public-sector.ca\/parliamentary-committee-appearances\/","url":"https:\/\/secteur-public-sector.ca\/parliamentary-committee-appearances\/","name":"PARLIAMENTARY COMMITTEE APPEARANCES - Jarislowsky Chair in Public Sector Management","isPartOf":{"@id":"https:\/\/secteur-public-sector.ca\/en\/#website"},"primaryImageOfPage":{"@id":"https:\/\/secteur-public-sector.ca\/parliamentary-committee-appearances\/#primaryimage"},"image":{"@id":"https:\/\/secteur-public-sector.ca\/parliamentary-committee-appearances\/#primaryimage"},"thumbnailUrl":"https:\/\/secteur-public-sector.ca\/wp-content\/uploads\/2024\/08\/aerial-view-no-border-e1724198694762.png","datePublished":"2024-08-27T18:03:52+00:00","dateModified":"2024-08-28T17:06:59+00:00","breadcrumb":{"@id":"https:\/\/secteur-public-sector.ca\/parliamentary-committee-appearances\/#breadcrumb"},"inLanguage":"fr-CA","potentialAction":[{"@type":"ReadAction","target":["https:\/\/secteur-public-sector.ca\/parliamentary-committee-appearances\/"]}]},{"@type":"ImageObject","inLanguage":"fr-CA","@id":"https:\/\/secteur-public-sector.ca\/parliamentary-committee-appearances\/#primaryimage","url":"https:\/\/secteur-public-sector.ca\/wp-content\/uploads\/2024\/08\/aerial-view-no-border-e1724198694762.png","contentUrl":"https:\/\/secteur-public-sector.ca\/wp-content\/uploads\/2024\/08\/aerial-view-no-border-e1724198694762.png","width":1080,"height":541,"caption":"Jarislowsky Chair in Public Sector Management"},{"@type":"BreadcrumbList","@id":"https:\/\/secteur-public-sector.ca\/parliamentary-committee-appearances\/#breadcrumb","itemListElement":[{"@type":"ListItem","position":1,"name":"Home","item":"https:\/\/secteur-public-sector.ca\/"},{"@type":"ListItem","position":2,"name":"PARLIAMENTARY COMMITTEE APPEARANCES"}]},{"@type":"WebSite","@id":"https:\/\/secteur-public-sector.ca\/en\/#website","url":"https:\/\/secteur-public-sector.ca\/en\/","name":"Chaire Jarislowsky en Gestion du Secteur Public","description":"","potentialAction":[{"@type":"SearchAction","target":{"@type":"EntryPoint","urlTemplate":"https:\/\/secteur-public-sector.ca\/en\/?s={search_term_string}"},"query-input":{"@type":"PropertyValueSpecification","valueRequired":true,"valueName":"search_term_string"}}],"inLanguage":"fr-CA"}]}},"_links":{"self":[{"href":"https:\/\/secteur-public-sector.ca\/fr\/wp-json\/wp\/v2\/pages\/1931","targetHints":{"allow":["GET"]}}],"collection":[{"href":"https:\/\/secteur-public-sector.ca\/fr\/wp-json\/wp\/v2\/pages"}],"about":[{"href":"https:\/\/secteur-public-sector.ca\/fr\/wp-json\/wp\/v2\/types\/page"}],"author":[{"embeddable":true,"href":"https:\/\/secteur-public-sector.ca\/fr\/wp-json\/wp\/v2\/users\/1"}],"replies":[{"embeddable":true,"href":"https:\/\/secteur-public-sector.ca\/fr\/wp-json\/wp\/v2\/comments?post=1931"}],"version-history":[{"count":9,"href":"https:\/\/secteur-public-sector.ca\/fr\/wp-json\/wp\/v2\/pages\/1931\/revisions"}],"predecessor-version":[{"id":1965,"href":"https:\/\/secteur-public-sector.ca\/fr\/wp-json\/wp\/v2\/pages\/1931\/revisions\/1965"}],"wp:featuredmedia":[{"embeddable":true,"href":"https:\/\/secteur-public-sector.ca\/fr\/wp-json\/wp\/v2\/media\/1071"}],"wp:attachment":[{"href":"https:\/\/secteur-public-sector.ca\/fr\/wp-json\/wp\/v2\/media?parent=1931"}],"curies":[{"name":"wp","href":"https:\/\/api.w.org\/{rel}","templated":true}]}}