{"id":3060,"date":"2025-02-24T22:58:26","date_gmt":"2025-02-24T22:58:26","guid":{"rendered":"https:\/\/secteur-public-sector.ca\/?post_type=video&#038;p=3060"},"modified":"2025-02-25T16:12:57","modified_gmt":"2025-02-25T16:12:57","slug":"le-service-public-les-liens-entre-la-fonction-publique-et-les-acteurs-politiques","status":"publish","type":"video","link":"https:\/\/secteur-public-sector.ca\/en\/video\/le-service-public-les-liens-entre-la-fonction-publique-et-les-acteurs-politiques\/","title":{"rendered":"Le Service Public : Les Liens Entre La Fonction Publique Et Les Acteurs Politiques"},"content":{"rendered":"\n<figure class=\"wp-embed-aspect-16-9 wp-has-aspect-ratio wp-block-embed is-type-video is-provider-youtube wp-block-embed-youtube\"><div class=\"wp-block-embed__wrapper\">\n<iframe loading=\"lazy\" title=\"Le service public : Les liens entre la fonction publique et les acteurs politiques\" width=\"500\" height=\"281\" src=\"https:\/\/www.youtube.com\/embed\/lHx0swgtXes?list=PLKSh5eULH75TtVNb6baibj_G4UhnCY5OW\" frameborder=\"0\" allow=\"accelerometer; autoplay; clipboard-write; encrypted-media; gyroscope; picture-in-picture; web-share\" referrerpolicy=\"strict-origin-when-cross-origin\" allowfullscreen><\/iframe>\n<\/div><\/figure>\n\n\n\n<p class=\"wp-block-paragraph\">Michael Wernick, ancien greffier du Conseil priv\u00e9 du Canada, explique que le premier ministre et les ministres f\u00e9d\u00e9raux s&#8217;appuient sur deux piliers essentiels pour leurs d\u00e9cisions :<\/p>\n\n\n\n<p class=\"wp-block-paragraph\">Ces deux entit\u00e9s interagissent constamment et collaborent \u00e9troitement pour mettre en \u0153uvre des mesures de gouvernance ayant un impact direct sur la vie des Canadiens.<\/p>\n\n\n\n<p class=\"wp-block-paragraph\">M. Wernick souligne qu&#8217;\u00e0 la diff\u00e9rence du syst\u00e8me am\u00e9ricain, le Canada b\u00e9n\u00e9ficie d&#8217;une tradition de continuit\u00e9 assur\u00e9e par une fonction publique neutre et impartiale, d\u00e9di\u00e9e \u00e0 la gestion et \u00e0 l&#8217;administration gouvernementales, ind\u00e9pendamment des changements politiques.<\/p>\n\n\n\n<h2 class=\"wp-block-heading\">Transcript<\/h2>\n\n\n\n<p class=\"wp-block-paragraph\">Chaque ministre \u00e0 deux piliers de soutien: un, c&#8217;est un cabinet politique partisan qui vient du parti, qui soutienent les r\u00f4les politiques, relation avec le CCUS du parti, relation avec d&#8217;autres minist\u00e8res, communication politique, une perspective partisane qui est tout \u00e0 fait appropri\u00e9e dans une d\u00e9mocratie; et l&#8217;autre pilier, c&#8217;est le soutien de la fonction publique non partisan et pr\u00e9sid\u00e9 souvent par une sous. Donc, il faut avoir les deux c\u00f4t\u00e9s en balance, une communication constant entre le ministre et le chef du cabinet politique. Les deux perspectives sont l\u00e9gitimes et pertinents, mais \u00e7a fonctionne mieux quand il y a un dialogue constant.<\/p>\n\n\n\n<p class=\"wp-block-paragraph\">Si on veut faire quelque chose: avancer un projet de loi, un programme de d\u00e9penses r\u00e9glementaire; comment r\u00e9agir \u00e0 un \u00e9v\u00e9nement? le c\u00f4t\u00e9 politique vient souvent avec perspective de message partisan, comment avancer notre \u00e9quipe contre l&#8217;autre \u00e9quipe, et c&#8217;est vraiment, c&#8217;est pas le r\u00f4le de la fonction publique de penser en terme de comment avancer: terme \u00e9quipe bleue, \u00e9quipe rouge. La fonction publique est l\u00e0 pour avancer: le une analyse, les v\u00e9rification n\u00e9cessaire en terme de co\u00fbt, perspective juridique, relation international, mise en \u0153uvre, alors toutes sortes de perspectives qui sont tr\u00e8s pertinents, et le r\u00f4le d&#8217;une ministre ou du Premier ministre, c&#8217;est de prendre les avis des deux c\u00f4t\u00e9s et d\u00e9cider de quoi faire.<\/p>\n\n\n\n<p class=\"wp-block-paragraph\">Et si le le politicien d\u00e9cide de faire, ne faire pas quelque chose, \u00e0 cause d&#8217;uneun perspective partisane, c&#8217;est tout \u00e0 fait appropri\u00e9 dans une d\u00e9mocratie, et l&#8217;imputabilit\u00e9, c&#8217;est envers les \u00e9lecteurs.<\/p>\n\n\n\n<p class=\"wp-block-paragraph\">Chaque chaque \u00e9lection am\u00e9ricain, s&#8217;il y a un changement du parti en pouvoir, est suivi par un changement de \u00e0 peu pr\u00e8s 50000 employ\u00e9s, alors que presque tous les cadres sup\u00e9rieurs et m\u00eame les les middle managers de de l&#8217;\u00c9tat am\u00e9ricain changent; donc ils perdent au moins un an en terme de Momentum, il y a une p\u00e9riode de transition tr\u00e8s longue avant qu&#8217;il peuvent, avant qu&#8217;il puissent vraiment avancer les dossiers dans le syst\u00e8me am\u00e9ricain.<\/p>\n\n\n\n<p class=\"wp-block-paragraph\">Moi j&#8217;ai toujours travaill\u00e9 dans le syst\u00e8me canadien Westminster, donc je tous les avantages en terme de continuit\u00e9, c&#8217;est que, apr\u00e8s les \u00e9lections, la d\u00e9cision d\u00e9mocratique des Canadiens Canadiens est respect\u00e9, et le nouveau gouvernement peut commencer \u00e0 travailler, avancer C dossier assez vite.<\/p>\n\n\n\n<p class=\"wp-block-paragraph\">Mon exp\u00e9rience c&#8217;est, par exemple, on a pass\u00e9 d&#8217;un gouvernement Harper compl\u00e8tement fonctionnel, un gouvernement troueau compl\u00e8tement fonctionnel, dans l&#8217;espace de 16 jours.<\/p>\n\n\n\n<p class=\"wp-block-paragraph\">Un avantage de notre syst\u00e8me, c&#8217;est d&#8217;avoir une fonction publique permanent non partisant, qui est pr\u00eate pour les changement des politiciens; \u00e7a peut arriver dans le m\u00eame mandat d&#8217;une partie: un ministre d\u00e9mission, ou un ministre est envoy\u00e9, un autre r\u00f4le combl\u00e9 par un un un nouveau nouvel, donc on est, on est toujours pr\u00eat pour recevoir un nouveau, nouvel ministre.<\/p>\n\n\n\n<p class=\"wp-block-paragraph\">\u00c7a arrive dans un vague de changement, s&#8217;il y a des \u00e9lections et un changement de gouvernement, et tout de suite, il y a un 25 ou 30 ministres recevoir des vraies transitions de pouvoir.<\/p>\n\n\n\n<p class=\"wp-block-paragraph\">\u00c7a arrive \u00e0 peu pr\u00e8s tous les 10 ans au Canada, o\u00f9 on change de l&#8217;\u00e9quipe \u00e0 bleu, rouge, rouge \u00e0 bleu, orange; \u00e7a n&#8217;arrive pas souvent, mais, il y a toujours une p\u00e9riode o\u00f9 il faut gagner la confiance, \u00e9tablir les relations de travail avec le nouveau gouvernement.<\/p>\n\n\n\n<p class=\"wp-block-paragraph\">Et comme ils ont pass\u00e9 presque une d\u00e9cenn\u00e9 dans l&#8217;opposition, il y a toujours, il commence toujours avec une certaine sptisme, et c&#8217;est vraiment l\u00e0 o\u00f9 les souunistes et les graphi, gagnent le paix en terme de cr\u00e9ant des relations, stables, respectueux de confiance.<\/p>\n\n\n\n<p class=\"wp-block-paragraph\">\u00c7a n&#8217;arrive pas toujours, des fois c&#8217;est difficile pour une ministre ou un sous-ministre commencer \u00e0 travailler ensemble, et, si on est vraiment compl\u00e8tement oppos\u00e9 \u00e0 nouvelle direction en d\u00e9mission, je suis devenu tr\u00e8s confortable avec l&#8217;id\u00e9e que ce sont les \u00e9lecteurs qui d\u00e9cident, il donne un mandat: l&#8217;\u00e9quipe rouge, ou bleu, ou orange, et la possibilit\u00e9 d&#8217;avoir une, une fon public non partisan et comp\u00e9tent qui peut avancer ses untitudes; c&#8217;est tr\u00e8s important pour une, une d\u00e9mocratie.<\/p>\n\n\n\n<p class=\"wp-block-paragraph\"><\/p>\n","protected":false},"excerpt":{"rendered":"<p>Michael Wernick, ancien greffier du Conseil priv\u00e9 du Canada, explique que le premier ministre et les ministres f\u00e9d\u00e9raux s&#8217;appuient sur deux piliers essentiels pour leurs d\u00e9cisions :<\/p>\n<p>Ces deux entit\u00e9s interagissent constamment et collaborent \u00e9troitement pour mettre en \u0153uvre des mesures de gouvernance ayant un impact direct sur la vie des Canadiens.<\/p>\n","protected":false},"featured_media":1071,"template":"","meta":{"_acf_changed":false,"nf_dc_page":"","_links_to":"","_links_to_target":""},"categories":[],"tags":[],"class_list":["post-3060","video","type-video","status-publish","has-post-thumbnail","hentry"],"acf":[],"yoast_head":"<!-- This site is optimized with the Yoast SEO plugin v28.4 - https:\/\/yoast.com\/product\/yoast-seo-wordpress\/ -->\n<title>Le Service Public : Les Liens Entre La Fonction Publique Et Les Acteurs Politiques - Jarislowsky Chair in Public Sector Management<\/title>\n<meta name=\"robots\" content=\"index, follow, max-snippet:-1, max-image-preview:large, max-video-preview:-1\" \/>\n<link rel=\"canonical\" href=\"https:\/\/secteur-public-sector.ca\/en\/video\/le-service-public-les-liens-entre-la-fonction-publique-et-les-acteurs-politiques\/\" \/>\n<meta property=\"og:locale\" content=\"en_US\" \/>\n<meta property=\"og:type\" content=\"article\" \/>\n<meta property=\"og:title\" content=\"Le Service Public : Les Liens Entre La Fonction Publique Et Les Acteurs Politiques - Jarislowsky Chair in Public Sector Management\" \/>\n<meta property=\"og:description\" content=\"Michael Wernick, ancien greffier du Conseil priv\u00e9 du Canada, explique que le premier ministre et les ministres f\u00e9d\u00e9raux s&#039;appuient sur deux piliers essentiels pour leurs d\u00e9cisions : Ces deux entit\u00e9s interagissent constamment et collaborent \u00e9troitement pour mettre en \u0153uvre des mesures de gouvernance ayant un impact direct sur la vie des Canadiens.\" \/>\n<meta property=\"og:url\" content=\"https:\/\/secteur-public-sector.ca\/en\/video\/le-service-public-les-liens-entre-la-fonction-publique-et-les-acteurs-politiques\/\" \/>\n<meta property=\"og:site_name\" content=\"Jarislowsky Chair in Public Sector Management\" \/>\n<meta property=\"article:modified_time\" content=\"2025-02-25T16:12:57+00:00\" \/>\n<meta name=\"twitter:card\" content=\"summary_large_image\" \/>\n<meta name=\"twitter:label1\" content=\"Est. reading time\" \/>\n\t<meta name=\"twitter:data1\" content=\"4 minutes\" \/>\n<script type=\"application\/ld+json\" class=\"yoast-schema-graph\">{\"@context\":\"https:\\\/\\\/schema.org\",\"@graph\":[{\"@type\":\"WebPage\",\"@id\":\"https:\\\/\\\/secteur-public-sector.ca\\\/video\\\/le-service-public-les-liens-entre-la-fonction-publique-et-les-acteurs-politiques\\\/\",\"url\":\"https:\\\/\\\/secteur-public-sector.ca\\\/video\\\/le-service-public-les-liens-entre-la-fonction-publique-et-les-acteurs-politiques\\\/\",\"name\":\"Le Service Public : Les Liens Entre La Fonction Publique Et Les Acteurs Politiques - Jarislowsky Chair in Public Sector Management\",\"isPartOf\":{\"@id\":\"https:\\\/\\\/secteur-public-sector.ca\\\/en\\\/#website\"},\"primaryImageOfPage\":{\"@id\":\"https:\\\/\\\/secteur-public-sector.ca\\\/video\\\/le-service-public-les-liens-entre-la-fonction-publique-et-les-acteurs-politiques\\\/#primaryimage\"},\"image\":{\"@id\":\"https:\\\/\\\/secteur-public-sector.ca\\\/video\\\/le-service-public-les-liens-entre-la-fonction-publique-et-les-acteurs-politiques\\\/#primaryimage\"},\"thumbnailUrl\":\"https:\\\/\\\/secteur-public-sector.ca\\\/wp-content\\\/uploads\\\/2024\\\/08\\\/aerial-view-no-border-e1724198694762.png\",\"datePublished\":\"2025-02-24T22:58:26+00:00\",\"dateModified\":\"2025-02-25T16:12:57+00:00\",\"breadcrumb\":{\"@id\":\"https:\\\/\\\/secteur-public-sector.ca\\\/video\\\/le-service-public-les-liens-entre-la-fonction-publique-et-les-acteurs-politiques\\\/#breadcrumb\"},\"inLanguage\":\"en-CA\",\"potentialAction\":[{\"@type\":\"ReadAction\",\"target\":[\"https:\\\/\\\/secteur-public-sector.ca\\\/video\\\/le-service-public-les-liens-entre-la-fonction-publique-et-les-acteurs-politiques\\\/\"]}]},{\"@type\":\"ImageObject\",\"inLanguage\":\"en-CA\",\"@id\":\"https:\\\/\\\/secteur-public-sector.ca\\\/video\\\/le-service-public-les-liens-entre-la-fonction-publique-et-les-acteurs-politiques\\\/#primaryimage\",\"url\":\"https:\\\/\\\/secteur-public-sector.ca\\\/wp-content\\\/uploads\\\/2024\\\/08\\\/aerial-view-no-border-e1724198694762.png\",\"contentUrl\":\"https:\\\/\\\/secteur-public-sector.ca\\\/wp-content\\\/uploads\\\/2024\\\/08\\\/aerial-view-no-border-e1724198694762.png\",\"width\":1080,\"height\":541,\"caption\":\"Jarislowsky Chair in Public Sector Management\"},{\"@type\":\"BreadcrumbList\",\"@id\":\"https:\\\/\\\/secteur-public-sector.ca\\\/video\\\/le-service-public-les-liens-entre-la-fonction-publique-et-les-acteurs-politiques\\\/#breadcrumb\",\"itemListElement\":[{\"@type\":\"ListItem\",\"position\":1,\"name\":\"Home\",\"item\":\"https:\\\/\\\/secteur-public-sector.ca\\\/\"},{\"@type\":\"ListItem\",\"position\":2,\"name\":\"Le Service Public : Les Liens Entre La Fonction Publique Et Les Acteurs Politiques\"}]},{\"@type\":\"WebSite\",\"@id\":\"https:\\\/\\\/secteur-public-sector.ca\\\/en\\\/#website\",\"url\":\"https:\\\/\\\/secteur-public-sector.ca\\\/en\\\/\",\"name\":\"Jarislowsky Chair in Public Sector Management\",\"description\":\"\",\"potentialAction\":[{\"@type\":\"SearchAction\",\"target\":{\"@type\":\"EntryPoint\",\"urlTemplate\":\"https:\\\/\\\/secteur-public-sector.ca\\\/en\\\/?s={search_term_string}\"},\"query-input\":{\"@type\":\"PropertyValueSpecification\",\"valueRequired\":true,\"valueName\":\"search_term_string\"}}],\"inLanguage\":\"en-CA\"}]}<\/script>\n<!-- \/ Yoast SEO plugin. -->","yoast_head_json":{"title":"Le Service Public : Les Liens Entre La Fonction Publique Et Les Acteurs Politiques - Jarislowsky Chair in Public Sector Management","robots":{"index":"index","follow":"follow","max-snippet":"max-snippet:-1","max-image-preview":"max-image-preview:large","max-video-preview":"max-video-preview:-1"},"canonical":"https:\/\/secteur-public-sector.ca\/en\/video\/le-service-public-les-liens-entre-la-fonction-publique-et-les-acteurs-politiques\/","og_locale":"en_US","og_type":"article","og_title":"Le Service Public : Les Liens Entre La Fonction Publique Et Les Acteurs Politiques - Jarislowsky Chair in Public Sector Management","og_description":"Michael Wernick, ancien greffier du Conseil priv\u00e9 du Canada, explique que le premier ministre et les ministres f\u00e9d\u00e9raux s'appuient sur deux piliers essentiels pour leurs d\u00e9cisions : Ces deux entit\u00e9s interagissent constamment et collaborent \u00e9troitement pour mettre en \u0153uvre des mesures de gouvernance ayant un impact direct sur la vie des Canadiens.","og_url":"https:\/\/secteur-public-sector.ca\/en\/video\/le-service-public-les-liens-entre-la-fonction-publique-et-les-acteurs-politiques\/","og_site_name":"Jarislowsky Chair in Public Sector Management","article_modified_time":"2025-02-25T16:12:57+00:00","twitter_card":"summary_large_image","twitter_misc":{"Est. reading time":"4 minutes"},"schema":{"@context":"https:\/\/schema.org","@graph":[{"@type":"WebPage","@id":"https:\/\/secteur-public-sector.ca\/video\/le-service-public-les-liens-entre-la-fonction-publique-et-les-acteurs-politiques\/","url":"https:\/\/secteur-public-sector.ca\/video\/le-service-public-les-liens-entre-la-fonction-publique-et-les-acteurs-politiques\/","name":"Le Service Public : Les Liens Entre La Fonction Publique Et Les Acteurs Politiques - Jarislowsky Chair in Public Sector Management","isPartOf":{"@id":"https:\/\/secteur-public-sector.ca\/en\/#website"},"primaryImageOfPage":{"@id":"https:\/\/secteur-public-sector.ca\/video\/le-service-public-les-liens-entre-la-fonction-publique-et-les-acteurs-politiques\/#primaryimage"},"image":{"@id":"https:\/\/secteur-public-sector.ca\/video\/le-service-public-les-liens-entre-la-fonction-publique-et-les-acteurs-politiques\/#primaryimage"},"thumbnailUrl":"https:\/\/secteur-public-sector.ca\/wp-content\/uploads\/2024\/08\/aerial-view-no-border-e1724198694762.png","datePublished":"2025-02-24T22:58:26+00:00","dateModified":"2025-02-25T16:12:57+00:00","breadcrumb":{"@id":"https:\/\/secteur-public-sector.ca\/video\/le-service-public-les-liens-entre-la-fonction-publique-et-les-acteurs-politiques\/#breadcrumb"},"inLanguage":"en-CA","potentialAction":[{"@type":"ReadAction","target":["https:\/\/secteur-public-sector.ca\/video\/le-service-public-les-liens-entre-la-fonction-publique-et-les-acteurs-politiques\/"]}]},{"@type":"ImageObject","inLanguage":"en-CA","@id":"https:\/\/secteur-public-sector.ca\/video\/le-service-public-les-liens-entre-la-fonction-publique-et-les-acteurs-politiques\/#primaryimage","url":"https:\/\/secteur-public-sector.ca\/wp-content\/uploads\/2024\/08\/aerial-view-no-border-e1724198694762.png","contentUrl":"https:\/\/secteur-public-sector.ca\/wp-content\/uploads\/2024\/08\/aerial-view-no-border-e1724198694762.png","width":1080,"height":541,"caption":"Jarislowsky Chair in Public Sector Management"},{"@type":"BreadcrumbList","@id":"https:\/\/secteur-public-sector.ca\/video\/le-service-public-les-liens-entre-la-fonction-publique-et-les-acteurs-politiques\/#breadcrumb","itemListElement":[{"@type":"ListItem","position":1,"name":"Home","item":"https:\/\/secteur-public-sector.ca\/"},{"@type":"ListItem","position":2,"name":"Le Service Public : Les Liens Entre La Fonction Publique Et Les Acteurs Politiques"}]},{"@type":"WebSite","@id":"https:\/\/secteur-public-sector.ca\/en\/#website","url":"https:\/\/secteur-public-sector.ca\/en\/","name":"Jarislowsky Chair in Public Sector Management","description":"","potentialAction":[{"@type":"SearchAction","target":{"@type":"EntryPoint","urlTemplate":"https:\/\/secteur-public-sector.ca\/en\/?s={search_term_string}"},"query-input":{"@type":"PropertyValueSpecification","valueRequired":true,"valueName":"search_term_string"}}],"inLanguage":"en-CA"}]}},"_links":{"self":[{"href":"https:\/\/secteur-public-sector.ca\/en\/wp-json\/wp\/v2\/video\/3060","targetHints":{"allow":["GET"]}}],"collection":[{"href":"https:\/\/secteur-public-sector.ca\/en\/wp-json\/wp\/v2\/video"}],"about":[{"href":"https:\/\/secteur-public-sector.ca\/en\/wp-json\/wp\/v2\/types\/video"}],"wp:featuredmedia":[{"embeddable":true,"href":"https:\/\/secteur-public-sector.ca\/en\/wp-json\/wp\/v2\/media\/1071"}],"wp:attachment":[{"href":"https:\/\/secteur-public-sector.ca\/en\/wp-json\/wp\/v2\/media?parent=3060"}],"wp:term":[{"taxonomy":"category","embeddable":true,"href":"https:\/\/secteur-public-sector.ca\/en\/wp-json\/wp\/v2\/categories?post=3060"},{"taxonomy":"post_tag","embeddable":true,"href":"https:\/\/secteur-public-sector.ca\/en\/wp-json\/wp\/v2\/tags?post=3060"}],"curies":[{"name":"wp","href":"https:\/\/api.w.org\/{rel}","templated":true}]}}