{"id":3055,"date":"2025-02-24T23:01:52","date_gmt":"2025-02-24T23:01:52","guid":{"rendered":"https:\/\/secteur-public-sector.ca\/?post_type=video&#038;p=3055"},"modified":"2025-02-25T16:14:52","modified_gmt":"2025-02-25T16:14:52","slug":"le-service-public-une-carriere-dans-la-fonction-publique","status":"publish","type":"video","link":"https:\/\/secteur-public-sector.ca\/en\/video\/le-service-public-une-carriere-dans-la-fonction-publique\/","title":{"rendered":"Le Service Public : Une Carri\u00e8re Dans La Fonction Publique"},"content":{"rendered":"\n<figure class=\"wp-embed-aspect-16-9 wp-has-aspect-ratio wp-block-embed is-type-video is-provider-youtube wp-block-embed-youtube\"><div class=\"wp-block-embed__wrapper\">\n<iframe loading=\"lazy\" title=\"Le service public : Une carri\u00e8re dans la fonction publique\" width=\"500\" height=\"281\" src=\"https:\/\/www.youtube.com\/embed\/TSVm6-QNuP4?list=PLKSh5eULH75TtVNb6baibj_G4UhnCY5OW\" frameborder=\"0\" allow=\"accelerometer; autoplay; clipboard-write; encrypted-media; gyroscope; picture-in-picture; web-share\" referrerpolicy=\"strict-origin-when-cross-origin\" allowfullscreen><\/iframe>\n<\/div><\/figure>\n\n\n\n<p class=\"wp-block-paragraph\">Apr\u00e8s une carri\u00e8re de 38 ans au sein de la fonction publique du Canada, Michael Wernick continue de contribuer activement aux discussions sur le fonctionnement de l&#8217;\u00c9tat. En tant que titulaire de la Chaire Jarislowsky \u00e0 l&#8217;Universit\u00e9 d&#8217;Ottawa, il observe attentivement l&#8217;\u00e9volution du service public. Dans cette vid\u00e9o, il partage son exp\u00e9rience et explique en quoi servir l&#8217;\u00c9tat est une opportunit\u00e9 enrichissante, offrant des exp\u00e9riences professionnelles vari\u00e9es qui ont un impact direct sur la vie des Canadiens.<\/p>\n\n\n\n<h2 class=\"wp-block-heading\">Transcript<\/h2>\n\n\n\n<p class=\"wp-block-paragraph\">Je suis pr\u00e9sentement chez Jarislowski \u00e0 l&#8217;universit\u00e9 d&#8217;ottawa, dans la facult\u00e9 de sciences sociales. J&#8217;essaie de provoquer\/avancer la discussion sur la gestion de l&#8217;\u00c9tat \u2014 pas qu&#8217;est-ce que l&#8217;\u00c9tat fait, mais comment \u2014 et j&#8217;ai beaucoup d&#8217;exp\u00e9rience dans l&#8217;appareil de l&#8217;\u00c9tat, parce que j&#8217;ai travaill\u00e9 38 ans dans la fonction publique du Canada. J&#8217;ai commenc\u00e9 il y a longtemps.<\/p>\n\n\n\n<p class=\"wp-block-paragraph\">Je suis venu directement de universit\u00e9 avec une ma\u00eetrise en \u00e9conomie \u00e0 l&#8217;\u00e2ge de 23 ans, et j&#8217;ai avanc\u00e9, devenu un gestionnaire, et pass\u00e9 26 ou 27 ans dans la communaut\u00e9 de souiniste, alors comme gestionnaire sup\u00e9rieur. J&#8217;ai fini ma carri\u00e8re comme secr\u00e9taire au cabinet \u2014 c&#8217;est le clerc, le greffier au Conseil priv\u00e9. J&#8217;ai quitt\u00e9 la fonction publique il y a 5 ans maintenant.<\/p>\n\n\n\n<p class=\"wp-block-paragraph\">L&#8217;histoire d&#8217;une carri\u00e8re, c&#8217;est beaucoup de chapitres assez diff\u00e9rent. J&#8217;ai travaill\u00e9 dans plusieurs organisations, dans plusieurs \u00e9poques politiques. Je suis tr\u00e8s fier de quelques r\u00e9alisation, mais c&#8217;est vraiment un travail constant d&#8217;avancer les dossier, am\u00e9liorer les organisations, de mener les \u00e9quipes. Alors, je dirais que parmi les chapitres les plus difficiles \u00e9tait l&#8217;\u00e9chec d&#8217;une grande r\u00e9forme d&#8217;\u00e9ducation pour les Premi\u00e8res nations.<\/p>\n\n\n\n<p class=\"wp-block-paragraph\">J&#8217;ai travaill\u00e9 5 ou 6 ans sur la r\u00e9forme, mais il y a eu un \u00e9chec politique et le projet de loi n&#8217;est pas avanc\u00e9; c&#8217;\u00e9tait tr\u00e8s d\u00e9cevant. Le plus stressant, c&#8217;\u00e9tait probablement le r\u00e9f\u00e9rendum qu\u00e9b\u00e9cois de 95 \u2014 c&#8217;\u00e9tait, on a presque perdu le pays; c&#8217;\u00e9tait tr\u00e8s stressant. Je travaillais pour l&#8217;\u00e9quipe de Non dans le minist\u00e8re f\u00e9d\u00e9ral qui s&#8217;occuper de relations f\u00e9d\u00e9rales provinciales. Je suis tr\u00e8s content et et tr\u00e8s fier d&#8217;avoir pass\u00e9 une carri\u00e8re \u00e0 la fonction publique. Je peux recommander souvent le travail le plus int\u00e9ressant au pays se passe dans la fonction publque. Alors, \u00eatre un avocat \u00e0 la minist\u00e8re de la justice, c&#8217;est pas mal int\u00e9ressant, beaucoup plus int\u00e9ressant que plusieurs avocat dans le secteur priv\u00e9. M\u00eame chose pour les scientifiques ou les analystes.<\/p>\n\n\n\n<p class=\"wp-block-paragraph\">D&#8217;autres occupations maintenant : de r\u00e9gler les probl\u00e8mes de service. Avec l&#8217;arriv\u00e9e de l&#8217;intelligence artificielle, c&#8217;est pas mal int\u00e9ressant comme travail. Donc, si en un technologiste ou programmeur, on peut trouver une carri\u00e8re assez int\u00e9ressante, et parce que la fonction publique est assez grande, avec 300 organisations \u00e0 travers le pays, chaque province, chaque territoire et \u00e0 l&#8217;\u00e9tranger, on peut cr\u00e9er une carri\u00e8re avec beaucoup de vari\u00e9t\u00e9. On peut commencer en politique comme moi et devenir tr\u00e8s in\u00e9ress dans les op\u00e9rations, les livraison de services, ou dans l&#8217;autre sens, on peut commencer dans un groupe de communication et, plus tard, travailler dans un groupe dans des affaires parlementaires, avoir des des perspectives des minist\u00e8res qui poussent et avanceent leur champ de comp\u00e9ten ou l&#8217;exp\u00e9rience de travailler au centre de la prise de d\u00e9cisions au conseil de tr\u00e9sor, finances, Conseil priv\u00e9. On peut faire les deux comme moi, donc \u00e9norm\u00e9ment de vari\u00e9t\u00e9s possibles, mais aussi, c&#8217;est, c&#8217;est vraiment l&#8217;id\u00e9e que l&#8217;on peut contribuer au pays, qui attire toujours les \u00e9tudiants.<\/p>\n\n\n\n<p class=\"wp-block-paragraph\">Je pense que le Canada vaut leur, leur soutien, leur appui, leur contribution; c&#8217;est une pays, qui a fait des choses incroyables \u2014 d&#8217;avoir un syst\u00e8me parlementaire, combin\u00e9 avec une f\u00e9d\u00e9ration. On est toujours une soci\u00e9t\u00e9 de droit et des droits humaines et une d\u00e9mocratie o\u00f9 il y a un rettroaction des m\u00e9dias, des cours, des parlementaires. Donc, c&#8217;est \u00e7a, assz rare, et d&#8217;avoir un syst\u00e8me l\u00e9gal bijuridique de travailler avec deux langues officielles, avec la diversit\u00e9 de du Canada, c&#8217;est vraiment une pays extraordinaire.<\/p>\n\n\n\n<p class=\"wp-block-paragraph\">Il y a beaucoup de gens qui viennent des autres pays pour \u00e9tudier : qu&#8217;est-ce ce qu&#8217;on fait au Canada, comment on le fait ? Soit notre syst\u00e8me de cours, notre syst\u00e8me de radiodiffusion, notre syst\u00e8me de de sant\u00e9 public et cetera, et c&#8217;est parce que, on avait toujours attir\u00e9 des gens du talent et de, d&#8217;\u00e9nergie \u00e0 la fonction publique pour soutenir l&#8217;\u00c9tat et soutenir notre d\u00e9mocratie.<\/p>\n","protected":false},"excerpt":{"rendered":"<p>Apr\u00e8s une carri\u00e8re de 38 ans au sein de la fonction publique du Canada, Michael Wernick continue de contribuer activement aux discussions sur le fonctionnement de l&#8217;\u00c9tat. En tant que titulaire de la Chaire Jarislowsky \u00e0 l&#8217;Universit\u00e9 d&#8217;Ottawa, il observe attentivement l&#8217;\u00e9volution du service public. Dans cette vid\u00e9o, il partage son exp\u00e9rience et explique en quoi servir l&#8217;\u00c9tat est une opportunit\u00e9 enrichissante, offrant des exp\u00e9riences professionnelles vari\u00e9es qui ont un impact direct sur la vie des Canadiens.<\/p>\n","protected":false},"featured_media":1071,"template":"","meta":{"_acf_changed":false,"nf_dc_page":"","_links_to":"","_links_to_target":""},"categories":[],"tags":[],"class_list":["post-3055","video","type-video","status-publish","has-post-thumbnail","hentry"],"acf":[],"yoast_head":"<!-- This site is optimized with the Yoast SEO plugin v28.4 - https:\/\/yoast.com\/product\/yoast-seo-wordpress\/ -->\n<title>Le Service Public : Une Carri\u00e8re Dans La Fonction Publique - Jarislowsky Chair in Public Sector Management<\/title>\n<meta name=\"robots\" content=\"index, follow, max-snippet:-1, max-image-preview:large, max-video-preview:-1\" \/>\n<link rel=\"canonical\" href=\"https:\/\/secteur-public-sector.ca\/en\/video\/le-service-public-une-carriere-dans-la-fonction-publique\/\" \/>\n<meta property=\"og:locale\" content=\"en_US\" \/>\n<meta property=\"og:type\" content=\"article\" \/>\n<meta property=\"og:title\" content=\"Le Service Public : Une Carri\u00e8re Dans La Fonction Publique - Jarislowsky Chair in Public Sector Management\" \/>\n<meta property=\"og:description\" content=\"Apr\u00e8s une carri\u00e8re de 38 ans au sein de la fonction publique du Canada, Michael Wernick continue de contribuer activement aux discussions sur le fonctionnement de l&#039;\u00c9tat. En tant que titulaire de la Chaire Jarislowsky \u00e0 l&#039;Universit\u00e9 d&#039;Ottawa, il observe attentivement l&#039;\u00e9volution du service public. Dans cette vid\u00e9o, il partage son exp\u00e9rience et explique en quoi servir l&#039;\u00c9tat est une opportunit\u00e9 enrichissante, offrant des exp\u00e9riences professionnelles vari\u00e9es qui ont un impact direct sur la vie des Canadiens.\" \/>\n<meta property=\"og:url\" content=\"https:\/\/secteur-public-sector.ca\/en\/video\/le-service-public-une-carriere-dans-la-fonction-publique\/\" \/>\n<meta property=\"og:site_name\" content=\"Jarislowsky Chair in Public Sector Management\" \/>\n<meta property=\"article:modified_time\" content=\"2025-02-25T16:14:52+00:00\" \/>\n<meta name=\"twitter:card\" content=\"summary_large_image\" \/>\n<meta name=\"twitter:label1\" content=\"Est. reading time\" \/>\n\t<meta name=\"twitter:data1\" content=\"4 minutes\" \/>\n<script type=\"application\/ld+json\" class=\"yoast-schema-graph\">{\"@context\":\"https:\\\/\\\/schema.org\",\"@graph\":[{\"@type\":\"WebPage\",\"@id\":\"https:\\\/\\\/secteur-public-sector.ca\\\/video\\\/le-service-public-une-carriere-dans-la-fonction-publique\\\/\",\"url\":\"https:\\\/\\\/secteur-public-sector.ca\\\/video\\\/le-service-public-une-carriere-dans-la-fonction-publique\\\/\",\"name\":\"Le Service Public : Une Carri\u00e8re Dans La Fonction Publique - Jarislowsky Chair in Public Sector Management\",\"isPartOf\":{\"@id\":\"https:\\\/\\\/secteur-public-sector.ca\\\/en\\\/#website\"},\"primaryImageOfPage\":{\"@id\":\"https:\\\/\\\/secteur-public-sector.ca\\\/video\\\/le-service-public-une-carriere-dans-la-fonction-publique\\\/#primaryimage\"},\"image\":{\"@id\":\"https:\\\/\\\/secteur-public-sector.ca\\\/video\\\/le-service-public-une-carriere-dans-la-fonction-publique\\\/#primaryimage\"},\"thumbnailUrl\":\"https:\\\/\\\/secteur-public-sector.ca\\\/wp-content\\\/uploads\\\/2024\\\/08\\\/aerial-view-no-border-e1724198694762.png\",\"datePublished\":\"2025-02-24T23:01:52+00:00\",\"dateModified\":\"2025-02-25T16:14:52+00:00\",\"breadcrumb\":{\"@id\":\"https:\\\/\\\/secteur-public-sector.ca\\\/video\\\/le-service-public-une-carriere-dans-la-fonction-publique\\\/#breadcrumb\"},\"inLanguage\":\"en-CA\",\"potentialAction\":[{\"@type\":\"ReadAction\",\"target\":[\"https:\\\/\\\/secteur-public-sector.ca\\\/video\\\/le-service-public-une-carriere-dans-la-fonction-publique\\\/\"]}]},{\"@type\":\"ImageObject\",\"inLanguage\":\"en-CA\",\"@id\":\"https:\\\/\\\/secteur-public-sector.ca\\\/video\\\/le-service-public-une-carriere-dans-la-fonction-publique\\\/#primaryimage\",\"url\":\"https:\\\/\\\/secteur-public-sector.ca\\\/wp-content\\\/uploads\\\/2024\\\/08\\\/aerial-view-no-border-e1724198694762.png\",\"contentUrl\":\"https:\\\/\\\/secteur-public-sector.ca\\\/wp-content\\\/uploads\\\/2024\\\/08\\\/aerial-view-no-border-e1724198694762.png\",\"width\":1080,\"height\":541,\"caption\":\"Jarislowsky Chair in Public Sector Management\"},{\"@type\":\"BreadcrumbList\",\"@id\":\"https:\\\/\\\/secteur-public-sector.ca\\\/video\\\/le-service-public-une-carriere-dans-la-fonction-publique\\\/#breadcrumb\",\"itemListElement\":[{\"@type\":\"ListItem\",\"position\":1,\"name\":\"Home\",\"item\":\"https:\\\/\\\/secteur-public-sector.ca\\\/\"},{\"@type\":\"ListItem\",\"position\":2,\"name\":\"Le Service Public : Une Carri\u00e8re Dans La Fonction Publique\"}]},{\"@type\":\"WebSite\",\"@id\":\"https:\\\/\\\/secteur-public-sector.ca\\\/en\\\/#website\",\"url\":\"https:\\\/\\\/secteur-public-sector.ca\\\/en\\\/\",\"name\":\"Jarislowsky Chair in Public Sector Management\",\"description\":\"\",\"potentialAction\":[{\"@type\":\"SearchAction\",\"target\":{\"@type\":\"EntryPoint\",\"urlTemplate\":\"https:\\\/\\\/secteur-public-sector.ca\\\/en\\\/?s={search_term_string}\"},\"query-input\":{\"@type\":\"PropertyValueSpecification\",\"valueRequired\":true,\"valueName\":\"search_term_string\"}}],\"inLanguage\":\"en-CA\"}]}<\/script>\n<!-- \/ Yoast SEO plugin. -->","yoast_head_json":{"title":"Le Service Public : Une Carri\u00e8re Dans La Fonction Publique - Jarislowsky Chair in Public Sector Management","robots":{"index":"index","follow":"follow","max-snippet":"max-snippet:-1","max-image-preview":"max-image-preview:large","max-video-preview":"max-video-preview:-1"},"canonical":"https:\/\/secteur-public-sector.ca\/en\/video\/le-service-public-une-carriere-dans-la-fonction-publique\/","og_locale":"en_US","og_type":"article","og_title":"Le Service Public : Une Carri\u00e8re Dans La Fonction Publique - Jarislowsky Chair in Public Sector Management","og_description":"Apr\u00e8s une carri\u00e8re de 38 ans au sein de la fonction publique du Canada, Michael Wernick continue de contribuer activement aux discussions sur le fonctionnement de l'\u00c9tat. En tant que titulaire de la Chaire Jarislowsky \u00e0 l'Universit\u00e9 d'Ottawa, il observe attentivement l'\u00e9volution du service public. Dans cette vid\u00e9o, il partage son exp\u00e9rience et explique en quoi servir l'\u00c9tat est une opportunit\u00e9 enrichissante, offrant des exp\u00e9riences professionnelles vari\u00e9es qui ont un impact direct sur la vie des Canadiens.","og_url":"https:\/\/secteur-public-sector.ca\/en\/video\/le-service-public-une-carriere-dans-la-fonction-publique\/","og_site_name":"Jarislowsky Chair in Public Sector Management","article_modified_time":"2025-02-25T16:14:52+00:00","twitter_card":"summary_large_image","twitter_misc":{"Est. reading time":"4 minutes"},"schema":{"@context":"https:\/\/schema.org","@graph":[{"@type":"WebPage","@id":"https:\/\/secteur-public-sector.ca\/video\/le-service-public-une-carriere-dans-la-fonction-publique\/","url":"https:\/\/secteur-public-sector.ca\/video\/le-service-public-une-carriere-dans-la-fonction-publique\/","name":"Le Service Public : Une Carri\u00e8re Dans La Fonction Publique - Jarislowsky Chair in Public Sector Management","isPartOf":{"@id":"https:\/\/secteur-public-sector.ca\/en\/#website"},"primaryImageOfPage":{"@id":"https:\/\/secteur-public-sector.ca\/video\/le-service-public-une-carriere-dans-la-fonction-publique\/#primaryimage"},"image":{"@id":"https:\/\/secteur-public-sector.ca\/video\/le-service-public-une-carriere-dans-la-fonction-publique\/#primaryimage"},"thumbnailUrl":"https:\/\/secteur-public-sector.ca\/wp-content\/uploads\/2024\/08\/aerial-view-no-border-e1724198694762.png","datePublished":"2025-02-24T23:01:52+00:00","dateModified":"2025-02-25T16:14:52+00:00","breadcrumb":{"@id":"https:\/\/secteur-public-sector.ca\/video\/le-service-public-une-carriere-dans-la-fonction-publique\/#breadcrumb"},"inLanguage":"en-CA","potentialAction":[{"@type":"ReadAction","target":["https:\/\/secteur-public-sector.ca\/video\/le-service-public-une-carriere-dans-la-fonction-publique\/"]}]},{"@type":"ImageObject","inLanguage":"en-CA","@id":"https:\/\/secteur-public-sector.ca\/video\/le-service-public-une-carriere-dans-la-fonction-publique\/#primaryimage","url":"https:\/\/secteur-public-sector.ca\/wp-content\/uploads\/2024\/08\/aerial-view-no-border-e1724198694762.png","contentUrl":"https:\/\/secteur-public-sector.ca\/wp-content\/uploads\/2024\/08\/aerial-view-no-border-e1724198694762.png","width":1080,"height":541,"caption":"Jarislowsky Chair in Public Sector Management"},{"@type":"BreadcrumbList","@id":"https:\/\/secteur-public-sector.ca\/video\/le-service-public-une-carriere-dans-la-fonction-publique\/#breadcrumb","itemListElement":[{"@type":"ListItem","position":1,"name":"Home","item":"https:\/\/secteur-public-sector.ca\/"},{"@type":"ListItem","position":2,"name":"Le Service Public : Une Carri\u00e8re Dans La Fonction Publique"}]},{"@type":"WebSite","@id":"https:\/\/secteur-public-sector.ca\/en\/#website","url":"https:\/\/secteur-public-sector.ca\/en\/","name":"Jarislowsky Chair in Public Sector Management","description":"","potentialAction":[{"@type":"SearchAction","target":{"@type":"EntryPoint","urlTemplate":"https:\/\/secteur-public-sector.ca\/en\/?s={search_term_string}"},"query-input":{"@type":"PropertyValueSpecification","valueRequired":true,"valueName":"search_term_string"}}],"inLanguage":"en-CA"}]}},"_links":{"self":[{"href":"https:\/\/secteur-public-sector.ca\/en\/wp-json\/wp\/v2\/video\/3055","targetHints":{"allow":["GET"]}}],"collection":[{"href":"https:\/\/secteur-public-sector.ca\/en\/wp-json\/wp\/v2\/video"}],"about":[{"href":"https:\/\/secteur-public-sector.ca\/en\/wp-json\/wp\/v2\/types\/video"}],"wp:featuredmedia":[{"embeddable":true,"href":"https:\/\/secteur-public-sector.ca\/en\/wp-json\/wp\/v2\/media\/1071"}],"wp:attachment":[{"href":"https:\/\/secteur-public-sector.ca\/en\/wp-json\/wp\/v2\/media?parent=3055"}],"wp:term":[{"taxonomy":"category","embeddable":true,"href":"https:\/\/secteur-public-sector.ca\/en\/wp-json\/wp\/v2\/categories?post=3055"},{"taxonomy":"post_tag","embeddable":true,"href":"https:\/\/secteur-public-sector.ca\/en\/wp-json\/wp\/v2\/tags?post=3055"}],"curies":[{"name":"wp","href":"https:\/\/api.w.org\/{rel}","templated":true}]}}